{"id":1185,"date":"2024-01-09T00:16:30","date_gmt":"2024-01-08T21:16:30","guid":{"rendered":"http:\/\/atlas-scc.com\/?page_id=1185"},"modified":"2024-01-13T01:31:20","modified_gmt":"2024-01-12T22:31:20","slug":"blog","status":"publish","type":"page","link":"https:\/\/atlas-scc.com\/en\/blog\/","title":{"rendered":"Blog"},"content":{"rendered":"<section class=\"kc-elm kc-css-783611 kc_row\"><div class=\"kc-row-container  kc-container\"><div class=\"kc-wrap-columns\"><div class=\"kc-elm kc-css-356228 kc_col-sm-12 kc_column kc_col-sm-12\"><div class=\"kc-col-container\">\n<div class=\"kc-elm kc-css-729591 kc-blog-posts kc-blog-posts-2 kc-image-align-both\">\n\t\n\t\t\n\t\t\t\t<div class=\"kc-list-item-2\">\n\n\t\t\t\t\t\n\t\t\t\t\t\t<div class=\"post-item-left\">\n\t\t\t\t\t\t\t<div class=\"post_details\">\n\t\t\t\t\t\t\t\t<h2 class=\"post-title-alt\"><a\n\t\t\t\t\t\t\t\t\t\thref=\"https:\/\/atlas-scc.com\/en\/the-silent-thread-of-e-waste-on-the-rise\/\"\n\t\t\t\t\t\t\t\t\t\ttitle=\"The Silent Thread of E-Waste on the Rise\">The Silent Thread of E-Waste on the Rise<\/a>\n\t\t\t\t\t\t\t\t<\/h2>\n\t\t\t\t\t\t\t\t\t\t\t\t\t\t\t<\/div>\n\t\t\t\t\t\t\t\t\t\t\t\t\t\t\t<p>The Silent Thread of E-Waste on the Rise In today\u2019s rapidly advancing digital era, electronic devices have become indispensable. However, the convenience they bring comes at a cost\u2014the escalating problem of electronic waste (e-waste). This pressing issue poses significant environmental and health risks that require urgent attention. What is E-Waste?&hellip;<\/p>\n\t\t\t\t\t\t\t\t\t\t\t\t\t\t<a href=\"https:\/\/atlas-scc.com\/en\/the-silent-thread-of-e-waste-on-the-rise\/\"\n\t\t\t\t\t\t\t   class=\"kc-post-2-button\">Read More <i\n\t\t\t\t\t\t\t\t\tclass=\"fa fa-angle-right\" aria-hidden=\"true\"><\/i><\/a>\n\t\t\t\t\t\t\t\t\t\t\t\t\t<\/div>\n\t\t\t\t\t\t<div class=\"post-item-right\">\n\t\t\t\t\t\t\t<figure>\n\t\t\t\t\t\t\t\t<img decoding=\"async\" src=\"https:\/\/atlas-scc.com\/wp-content\/uploads\/\/1-3-1024x683.png\"\n\t\t\t\t\t\t\t\t     alt=\"The Silent Thread of E-Waste on the Rise\">\n\t\t\t\t\t\t\t<\/figure>\n\t\t\t\t\t\t<\/div>\n\n\t\t\t\t\t\n\t\t\t\t<\/div>\n\n\t\t\t\t\n\t\t\t\t<div class=\"kc-list-item-2\">\n\n\t\t\t\t\t\t\t\t\t\t\t\t\t\t\t\t\t\t<div class=\"post-item-left\">\n\t\t\t\t\t\t\t\t<figure>\n\t\t\t\t\t\t\t\t\t<img decoding=\"async\" src=\"https:\/\/atlas-scc.com\/wp-content\/uploads\/\/michael-podger-jpgRztEuaV4-unsplash-1-1024x683.jpg\"\n\t\t\t\t\t\t\t\t\t     alt=\"Corporate Sustainability Due Diligence Directive (CSDDD)\">\n\t\t\t\t\t\t\t\t<\/figure>\n\t\t\t\t\t\t\t<\/div>\n\t\t\t\t\t\t\t\t\t\t\t\t<div class=\"post-item-right\">\n\t\t\t\t\t\t\t<div class=\"post_details\">\n\t\t\t\t\t\t\t\t<h2 class=\"post-title-alt\"><a\n\t\t\t\t\t\t\t\t\t\thref=\"https:\/\/atlas-scc.com\/en\/corporate-sustainability-due-diligence-directive-csddd\/\"\n\t\t\t\t\t\t\t\t\t\ttitle=\"Corporate Sustainability Due Diligence Directive (CSDDD)\">Corporate Sustainability Due Diligence Directive (CSDDD)<\/a>\n\t\t\t\t\t\t\t\t<\/h2>\n\n\t\t\t\t\t\t\t\t\t\t\t\t\t\t\t<\/div>\n\t\t\t\t\t\t\t\t\t\t\t\t\t\t\t<p>Corporate Sustainability Due Diligence Directive (CSDDD) The European Union (EU) has adopted the Corporate Sustainability Due Diligence Directive (CSDDD) to ensure that companies manage their impacts on human rights and the environment more responsibly. This directive imposes obligations on large EU and non-EU companies to respect human rights and minimize&hellip;<\/p>\n\t\t\t\t\t\t\t\t\t\t\t\t\t\t<a href=\"https:\/\/atlas-scc.com\/en\/corporate-sustainability-due-diligence-directive-csddd\/\"\n\t\t\t\t\t\t\t   class=\"kc-post-2-button\">Read More <i\n\t\t\t\t\t\t\t\t\tclass=\"fa fa-angle-right\" aria-hidden=\"true\"><\/i><\/a>\n\t\t\t\t\t\t\t\t\t\t\t\t\t<\/div>\n\n\t\t\t\t\t\n\t\t\t\t<\/div>\n\n\t\t\t\t\n\t\t\t\t<div class=\"kc-list-item-2\">\n\n\t\t\t\t\t\n\t\t\t\t\t\t<div class=\"post-item-left\">\n\t\t\t\t\t\t\t<div class=\"post_details\">\n\t\t\t\t\t\t\t\t<h2 class=\"post-title-alt\"><a\n\t\t\t\t\t\t\t\t\t\thref=\"https:\/\/atlas-scc.com\/en\/sustainability-and-climate-trends-for-2025\/\"\n\t\t\t\t\t\t\t\t\t\ttitle=\"Sustainability and Climate Trends for 2025\">Sustainability and Climate Trends for 2025<\/a>\n\t\t\t\t\t\t\t\t<\/h2>\n\t\t\t\t\t\t\t\t\t\t\t\t\t\t\t<\/div>\n\t\t\t\t\t\t\t\t\t\t\t\t\t\t\t<p>Sustainability and Climate Trends for 2025 The year 2025 is poised to be a period of both opportunities and risks in the realms of sustainability and climate change. For countries like Turkey, which are heavily impacted by climate change, this period necessitates critical economic, environmental, and social actions. Below, we&hellip;<\/p>\n\t\t\t\t\t\t\t\t\t\t\t\t\t\t<a href=\"https:\/\/atlas-scc.com\/en\/sustainability-and-climate-trends-for-2025\/\"\n\t\t\t\t\t\t\t   class=\"kc-post-2-button\">Read More <i\n\t\t\t\t\t\t\t\t\tclass=\"fa fa-angle-right\" aria-hidden=\"true\"><\/i><\/a>\n\t\t\t\t\t\t\t\t\t\t\t\t\t<\/div>\n\t\t\t\t\t\t<div class=\"post-item-right\">\n\t\t\t\t\t\t\t<figure>\n\t\t\t\t\t\t\t\t<img decoding=\"async\" src=\"https:\/\/atlas-scc.com\/wp-content\/uploads\/\/Image-1-3-1024x683.jpg\"\n\t\t\t\t\t\t\t\t     alt=\"Sustainability and Climate Trends for 2025\">\n\t\t\t\t\t\t\t<\/figure>\n\t\t\t\t\t\t<\/div>\n\n\t\t\t\t\t\n\t\t\t\t<\/div>\n\n\t\t\t\t\n\t\t\t\t<div class=\"kc-list-item-2\">\n\n\t\t\t\t\t\t\t\t\t\t\t\t\t\t\t\t\t\t<div class=\"post-item-left\">\n\t\t\t\t\t\t\t\t<figure>\n\t\t\t\t\t\t\t\t\t<img decoding=\"async\" src=\"https:\/\/atlas-scc.com\/wp-content\/uploads\/\/aaron-blanco-tejedor-cib68PL89pA-unsplash-1-1024x683.jpg\"\n\t\t\t\t\t\t\t\t\t     alt=\"EU Deforestation Regulation\">\n\t\t\t\t\t\t\t\t<\/figure>\n\t\t\t\t\t\t\t<\/div>\n\t\t\t\t\t\t\t\t\t\t\t\t<div class=\"post-item-right\">\n\t\t\t\t\t\t\t<div class=\"post_details\">\n\t\t\t\t\t\t\t\t<h2 class=\"post-title-alt\"><a\n\t\t\t\t\t\t\t\t\t\thref=\"https:\/\/atlas-scc.com\/en\/eu-deforestation-regulation\/\"\n\t\t\t\t\t\t\t\t\t\ttitle=\"EU Deforestation Regulation\">EU Deforestation Regulation<\/a>\n\t\t\t\t\t\t\t\t<\/h2>\n\n\t\t\t\t\t\t\t\t\t\t\t\t\t\t\t<\/div>\n\t\t\t\t\t\t\t\t\t\t\t\t\t\t\t<p>EU Deforestation Regulation In 2023, the European Union (EU) implemented a new regulation aimed at reducing global deforestation and preserving biodiversity: the EU Deforestation Regulation (EUDR). This law seeks to ensure that agricultural and forestry products contributing to deforestation are sourced sustainably, minimizing their environmental impact. What Is The Scope?&hellip;<\/p>\n\t\t\t\t\t\t\t\t\t\t\t\t\t\t<a href=\"https:\/\/atlas-scc.com\/en\/eu-deforestation-regulation\/\"\n\t\t\t\t\t\t\t   class=\"kc-post-2-button\">Read More <i\n\t\t\t\t\t\t\t\t\tclass=\"fa fa-angle-right\" aria-hidden=\"true\"><\/i><\/a>\n\t\t\t\t\t\t\t\t\t\t\t\t\t<\/div>\n\n\t\t\t\t\t\n\t\t\t\t<\/div>\n\n\t\t\t\t\n\t\t\t\t<div class=\"kc-list-item-2\">\n\n\t\t\t\t\t\n\t\t\t\t\t\t<div class=\"post-item-left\">\n\t\t\t\t\t\t\t<div class=\"post_details\">\n\t\t\t\t\t\t\t\t<h2 class=\"post-title-alt\"><a\n\t\t\t\t\t\t\t\t\t\thref=\"https:\/\/atlas-scc.com\/en\/energy-security-and-the-importance-of-transitioning-to-renewable-options\/\"\n\t\t\t\t\t\t\t\t\t\ttitle=\"Energy Security and the Importance of Transitioning to Renewable Options\">Energy Security and the Importance of Transitioning to Renewable Options<\/a>\n\t\t\t\t\t\t\t\t<\/h2>\n\t\t\t\t\t\t\t\t\t\t\t\t\t\t\t<\/div>\n\t\t\t\t\t\t\t\t\t\t\t\t\t\t\t<p>Energy Security and the Importance of Transitioning to Renewable Options Nilg\u00fcn Aytekin \/\/ 14.10.2024 Energy security has become a critical focus in today's rapidly changing global energy landscape. The concept refers to the uninterrupted availability of energy sources at an affordable price. Recent geopolitical tensions, market fluctuations, and the ongoing&hellip;<\/p>\n\t\t\t\t\t\t\t\t\t\t\t\t\t\t<a href=\"https:\/\/atlas-scc.com\/en\/energy-security-and-the-importance-of-transitioning-to-renewable-options\/\"\n\t\t\t\t\t\t\t   class=\"kc-post-2-button\">Read More <i\n\t\t\t\t\t\t\t\t\tclass=\"fa fa-angle-right\" aria-hidden=\"true\"><\/i><\/a>\n\t\t\t\t\t\t\t\t\t\t\t\t\t<\/div>\n\t\t\t\t\t\t<div class=\"post-item-right\">\n\t\t\t\t\t\t\t<figure>\n\t\t\t\t\t\t\t\t<img decoding=\"async\" src=\"https:\/\/atlas-scc.com\/wp-content\/uploads\/\/jason-mavrommatis-kufsOr1-F-s-unsplash-1-1024x683.jpg\"\n\t\t\t\t\t\t\t\t     alt=\"Energy Security and the Importance of Transitioning to Renewable Options\">\n\t\t\t\t\t\t\t<\/figure>\n\t\t\t\t\t\t<\/div>\n\n\t\t\t\t\t\n\t\t\t\t<\/div>\n\n\t\t\t\t\n\t\t\t\t<div class=\"kc-list-item-2\">\n\n\t\t\t\t\t\t\t\t\t\t\t\t\t\t\t\t\t\t<div class=\"post-item-left\">\n\t\t\t\t\t\t\t\t<figure>\n\t\t\t\t\t\t\t\t\t<img decoding=\"async\" src=\"https:\/\/atlas-scc.com\/wp-content\/uploads\/\/cowomen-pd5FVvQ9-aY-unsplash-2-1024x683.jpg\"\n\t\t\t\t\t\t\t\t\t     alt=\"Social and Economic Benefits of Gender Equality\">\n\t\t\t\t\t\t\t\t<\/figure>\n\t\t\t\t\t\t\t<\/div>\n\t\t\t\t\t\t\t\t\t\t\t\t<div class=\"post-item-right\">\n\t\t\t\t\t\t\t<div class=\"post_details\">\n\t\t\t\t\t\t\t\t<h2 class=\"post-title-alt\"><a\n\t\t\t\t\t\t\t\t\t\thref=\"https:\/\/atlas-scc.com\/en\/social-and-economic-benefits-of-gender-equality\/\"\n\t\t\t\t\t\t\t\t\t\ttitle=\"Social and Economic Benefits of Gender Equality\">Social and Economic Benefits of Gender Equality<\/a>\n\t\t\t\t\t\t\t\t<\/h2>\n\n\t\t\t\t\t\t\t\t\t\t\t\t\t\t\t<\/div>\n\t\t\t\t\t\t\t\t\t\t\t\t\t\t\t<p>Social and Economic Benefits of Gender Equality Nilg\u00fcn Aytekin \/\/ 06.10.2024 Gender equality refers to the fair treatment of individuals regardless of gender, ensuring equal rights and opportunities. This concept aims to promote equality between men and women in economic, social, political, and cultural spheres. Gender equality focuses on overcoming&hellip;<\/p>\n\t\t\t\t\t\t\t\t\t\t\t\t\t\t<a href=\"https:\/\/atlas-scc.com\/en\/social-and-economic-benefits-of-gender-equality\/\"\n\t\t\t\t\t\t\t   class=\"kc-post-2-button\">Read More <i\n\t\t\t\t\t\t\t\t\tclass=\"fa fa-angle-right\" aria-hidden=\"true\"><\/i><\/a>\n\t\t\t\t\t\t\t\t\t\t\t\t\t<\/div>\n\n\t\t\t\t\t\n\t\t\t\t<\/div>\n\n\t\t\t\t\n\t\t\t\t<div class=\"kc-list-item-2\">\n\n\t\t\t\t\t\n\t\t\t\t\t\t<div class=\"post-item-left\">\n\t\t\t\t\t\t\t<div class=\"post_details\">\n\t\t\t\t\t\t\t\t<h2 class=\"post-title-alt\"><a\n\t\t\t\t\t\t\t\t\t\thref=\"https:\/\/atlas-scc.com\/en\/a-brief-overview-of-the-carbon-border-adjustment-mechanism-cbam\/\"\n\t\t\t\t\t\t\t\t\t\ttitle=\"A Brief Overview of the Carbon Border Adjustment Mechanism (CBAM)\">A Brief Overview of the Carbon Border Adjustment Mechanism (CBAM)<\/a>\n\t\t\t\t\t\t\t\t<\/h2>\n\t\t\t\t\t\t\t\t\t\t\t\t\t\t\t<\/div>\n\t\t\t\t\t\t\t\t\t\t\t\t\t\t\t<p>A Brief Overview of the Carbon Border Adjustment Mechanism (CBAM) Nilg\u00fcn Aytekin \/\/ 04.10.2024 The European Union (EU) has taken significant steps toward its goal of becoming carbon-neutral by 2050, as part of its climate change mitigation strategy. On May 10, 2023, the EU implemented the Carbon Border Adjustment Mechanism&hellip;<\/p>\n\t\t\t\t\t\t\t\t\t\t\t\t\t\t<a href=\"https:\/\/atlas-scc.com\/en\/a-brief-overview-of-the-carbon-border-adjustment-mechanism-cbam\/\"\n\t\t\t\t\t\t\t   class=\"kc-post-2-button\">Read More <i\n\t\t\t\t\t\t\t\t\tclass=\"fa fa-angle-right\" aria-hidden=\"true\"><\/i><\/a>\n\t\t\t\t\t\t\t\t\t\t\t\t\t<\/div>\n\t\t\t\t\t\t<div class=\"post-item-right\">\n\t\t\t\t\t\t\t<figure>\n\t\t\t\t\t\t\t\t<img decoding=\"async\" src=\"https:\/\/atlas-scc.com\/wp-content\/uploads\/\/mark-konig-WIxAt-XyXO0-unsplash-1-1024x683.jpg\"\n\t\t\t\t\t\t\t\t     alt=\"A Brief Overview of the Carbon Border Adjustment Mechanism (CBAM)\">\n\t\t\t\t\t\t\t<\/figure>\n\t\t\t\t\t\t<\/div>\n\n\t\t\t\t\t\n\t\t\t\t<\/div>\n\n\t\t\t\t\n\t\t\t\t<div class=\"kc-list-item-2\">\n\n\t\t\t\t\t\t\t\t\t\t\t\t\t\t\t\t\t\t<div class=\"post-item-left\">\n\t\t\t\t\t\t\t\t<figure>\n\t\t\t\t\t\t\t\t\t<img decoding=\"async\" src=\"https:\/\/atlas-scc.com\/wp-content\/uploads\/\/stakeholders-1-1024x683.jpg\"\n\t\t\t\t\t\t\t\t\t     alt=\"Stakeholder Capitalism and Sustainability\">\n\t\t\t\t\t\t\t\t<\/figure>\n\t\t\t\t\t\t\t<\/div>\n\t\t\t\t\t\t\t\t\t\t\t\t<div class=\"post-item-right\">\n\t\t\t\t\t\t\t<div class=\"post_details\">\n\t\t\t\t\t\t\t\t<h2 class=\"post-title-alt\"><a\n\t\t\t\t\t\t\t\t\t\thref=\"https:\/\/atlas-scc.com\/en\/stakeholder-capitalism-and-sustainability\/\"\n\t\t\t\t\t\t\t\t\t\ttitle=\"Stakeholder Capitalism and Sustainability\">Stakeholder Capitalism and Sustainability<\/a>\n\t\t\t\t\t\t\t\t<\/h2>\n\n\t\t\t\t\t\t\t\t\t\t\t\t\t\t\t<\/div>\n\t\t\t\t\t\t\t\t\t\t\t\t\t\t\t<p>Stakeholder Capitalism and Sustainability Nilg\u00fcn Aytekin \/\/ 30.09.2024 Stakeholder capitalism is a business model that reasons companies should not only focus on maximizing shareholder profits but also consider the interests of all stakeholders, including employees, customers, suppliers, the community, and the environment. This concept emerged as a reaction to Milton&hellip;<\/p>\n\t\t\t\t\t\t\t\t\t\t\t\t\t\t<a href=\"https:\/\/atlas-scc.com\/en\/stakeholder-capitalism-and-sustainability\/\"\n\t\t\t\t\t\t\t   class=\"kc-post-2-button\">Read More <i\n\t\t\t\t\t\t\t\t\tclass=\"fa fa-angle-right\" aria-hidden=\"true\"><\/i><\/a>\n\t\t\t\t\t\t\t\t\t\t\t\t\t<\/div>\n\n\t\t\t\t\t\n\t\t\t\t<\/div>\n\n\t\t\t\t\n\t\t\t\t<div class=\"kc-list-item-2\">\n\n\t\t\t\t\t\n\t\t\t\t\t\t<div class=\"post-item-left\">\n\t\t\t\t\t\t\t<div class=\"post_details\">\n\t\t\t\t\t\t\t\t<h2 class=\"post-title-alt\"><a\n\t\t\t\t\t\t\t\t\t\thref=\"https:\/\/atlas-scc.com\/en\/the-ecodesign-for-sustainable-products-regulation\/\"\n\t\t\t\t\t\t\t\t\t\ttitle=\"The Ecodesign for Sustainable Products Regulation\">The Ecodesign for Sustainable Products Regulation<\/a>\n\t\t\t\t\t\t\t\t<\/h2>\n\t\t\t\t\t\t\t\t\t\t\t\t\t\t\t<\/div>\n\t\t\t\t\t\t\t\t\t\t\t\t\t\t\t<p>The Ecodesign for Sustainable Products Regulation Nilg\u00fcn Aytekin \/\/ 21.09.2024 The Ecodesign for Sustainable Products Regulation (ESPR) (EU) 2024\/1781, a significant step towards achieving the European Union's sustainability targets, came into effect on July 18, 2024. This regulation aims to make products with high environmental impacts more sustainable throughout their&hellip;<\/p>\n\t\t\t\t\t\t\t\t\t\t\t\t\t\t<a href=\"https:\/\/atlas-scc.com\/en\/the-ecodesign-for-sustainable-products-regulation\/\"\n\t\t\t\t\t\t\t   class=\"kc-post-2-button\">Read More <i\n\t\t\t\t\t\t\t\t\tclass=\"fa fa-angle-right\" aria-hidden=\"true\"><\/i><\/a>\n\t\t\t\t\t\t\t\t\t\t\t\t\t<\/div>\n\t\t\t\t\t\t<div class=\"post-item-right\">\n\t\t\t\t\t\t\t<figure>\n\t\t\t\t\t\t\t\t<img decoding=\"async\" src=\"https:\/\/atlas-scc.com\/wp-content\/uploads\/\/zach-rowlandson-tkgmhNkRcjk-unsplash-1-1024x683.jpg\"\n\t\t\t\t\t\t\t\t     alt=\"The Ecodesign for Sustainable Products Regulation\">\n\t\t\t\t\t\t\t<\/figure>\n\t\t\t\t\t\t<\/div>\n\n\t\t\t\t\t\n\t\t\t\t<\/div>\n\n\t\t\t\t\n\t\t\t\t<div class=\"kc-list-item-2\">\n\n\t\t\t\t\t\t\t\t\t\t\t\t\t\t\t\t\t\t<div class=\"post-item-left\">\n\t\t\t\t\t\t\t\t<figure>\n\t\t\t\t\t\t\t\t\t<img decoding=\"async\" src=\"https:\/\/atlas-scc.com\/wp-content\/uploads\/\/Image-1-1-1024x683.jpg\"\n\t\t\t\t\t\t\t\t\t     alt=\"The New Financial Responsibility of Companies: ESG Reporting\">\n\t\t\t\t\t\t\t\t<\/figure>\n\t\t\t\t\t\t\t<\/div>\n\t\t\t\t\t\t\t\t\t\t\t\t<div class=\"post-item-right\">\n\t\t\t\t\t\t\t<div class=\"post_details\">\n\t\t\t\t\t\t\t\t<h2 class=\"post-title-alt\"><a\n\t\t\t\t\t\t\t\t\t\thref=\"https:\/\/atlas-scc.com\/en\/the-new-financial-responsibility-of-companies-esg-reporting\/\"\n\t\t\t\t\t\t\t\t\t\ttitle=\"The New Financial Responsibility of Companies: ESG Reporting\">The New Financial Responsibility of Companies: ESG Reporting<\/a>\n\t\t\t\t\t\t\t\t<\/h2>\n\n\t\t\t\t\t\t\t\t\t\t\t\t\t\t\t<\/div>\n\t\t\t\t\t\t\t\t\t\t\t\t\t\t\t<p>The New Financial Responsibility of Companies: ESG Reporting Elif \u00d6zt\u00fcrk \/\/ 04.09.2024 ESG (Environmental, Social, and Governance) reporting has evolved into a domain where companies must not only disclose their financial performance but also their commitments to sustainability and social responsibility. Although ESG reporting is often perceived as a public&hellip;<\/p>\n\t\t\t\t\t\t\t\t\t\t\t\t\t\t<a href=\"https:\/\/atlas-scc.com\/en\/the-new-financial-responsibility-of-companies-esg-reporting\/\"\n\t\t\t\t\t\t\t   class=\"kc-post-2-button\">Read More <i\n\t\t\t\t\t\t\t\t\tclass=\"fa fa-angle-right\" aria-hidden=\"true\"><\/i><\/a>\n\t\t\t\t\t\t\t\t\t\t\t\t\t<\/div>\n\n\t\t\t\t\t\n\t\t\t\t<\/div>\n\n\t\t\t\t\n\t\t\t\t<div class=\"kc-list-item-2\">\n\n\t\t\t\t\t\n\t\t\t\t\t\t<div class=\"post-item-left\">\n\t\t\t\t\t\t\t<div class=\"post_details\">\n\t\t\t\t\t\t\t\t<h2 class=\"post-title-alt\"><a\n\t\t\t\t\t\t\t\t\t\thref=\"https:\/\/atlas-scc.com\/en\/sustainable-nutrition-with-leyla-kaylee-savaser\/\"\n\t\t\t\t\t\t\t\t\t\ttitle=\"Sustainable Nutrition with Leyla Kaylee Sava\u015fer\">Sustainable Nutrition with Leyla Kaylee Sava\u015fer<\/a>\n\t\t\t\t\t\t\t\t<\/h2>\n\t\t\t\t\t\t\t\t\t\t\t\t\t\t\t<\/div>\n\t\t\t\t\t\t\t\t\t\t\t\t\t\t\t<p>Sustainable Nutrition with Leyla Kaylee Sava\u015fer Elif \u00d6zt\u00fcrk \/\/ 01.09.2024 A healthy and balanced life is possible through harmony between the body, mind, and spirit. Today, we are joined by an expert in sustainable nutrition and yoga to delve deeper into these two fundamental areas. Are you ready to uncover&hellip;<\/p>\n\t\t\t\t\t\t\t\t\t\t\t\t\t\t<a href=\"https:\/\/atlas-scc.com\/en\/sustainable-nutrition-with-leyla-kaylee-savaser\/\"\n\t\t\t\t\t\t\t   class=\"kc-post-2-button\">Read More <i\n\t\t\t\t\t\t\t\t\tclass=\"fa fa-angle-right\" aria-hidden=\"true\"><\/i><\/a>\n\t\t\t\t\t\t\t\t\t\t\t\t\t<\/div>\n\t\t\t\t\t\t<div class=\"post-item-right\">\n\t\t\t\t\t\t\t<figure>\n\t\t\t\t\t\t\t\t<img decoding=\"async\" src=\"https:\/\/atlas-scc.com\/wp-content\/uploads\/\/1-1-1024x682.jpeg\"\n\t\t\t\t\t\t\t\t     alt=\"Sustainable Nutrition with Leyla Kaylee Sava\u015fer\">\n\t\t\t\t\t\t\t<\/figure>\n\t\t\t\t\t\t<\/div>\n\n\t\t\t\t\t\n\t\t\t\t<\/div>\n\n\t\t\t\t\n\t\t\t\t<div class=\"kc-list-item-2\">\n\n\t\t\t\t\t\t\t\t\t\t\t\t\t\t\t\t\t\t<div class=\"post-item-left\">\n\t\t\t\t\t\t\t\t<figure>\n\t\t\t\t\t\t\t\t\t<img decoding=\"async\" src=\"https:\/\/atlas-scc.com\/wp-content\/uploads\/\/shutterstock_730184551-1-1024x683.jpg\"\n\t\t\t\t\t\t\t\t\t     alt=\"What is the &#8220;G&#8221; in ESG?\">\n\t\t\t\t\t\t\t\t<\/figure>\n\t\t\t\t\t\t\t<\/div>\n\t\t\t\t\t\t\t\t\t\t\t\t<div class=\"post-item-right\">\n\t\t\t\t\t\t\t<div class=\"post_details\">\n\t\t\t\t\t\t\t\t<h2 class=\"post-title-alt\"><a\n\t\t\t\t\t\t\t\t\t\thref=\"https:\/\/atlas-scc.com\/en\/what-is-the-g-in-esg\/\"\n\t\t\t\t\t\t\t\t\t\ttitle=\"What is the &#8220;G&#8221; in ESG?\">What is the &#8220;G&#8221; in ESG?<\/a>\n\t\t\t\t\t\t\t\t<\/h2>\n\n\t\t\t\t\t\t\t\t\t\t\t\t\t\t\t<\/div>\n\t\t\t\t\t\t\t\t\t\t\t\t\t\t\t<p>What is the \"G\" in ESG? Elif Atak \/\/ 28.08.2024 The \"G\" in ESG (Environmental, Social, Governance) stands for Governance, which deeply addresses the corporate structure and operations of companies. Governance includes elements such as accountability, trust, oversight, and control mechanisms. However, beyond these elements, strong corporate governance ensures that&hellip;<\/p>\n\t\t\t\t\t\t\t\t\t\t\t\t\t\t<a href=\"https:\/\/atlas-scc.com\/en\/what-is-the-g-in-esg\/\"\n\t\t\t\t\t\t\t   class=\"kc-post-2-button\">Read More <i\n\t\t\t\t\t\t\t\t\tclass=\"fa fa-angle-right\" aria-hidden=\"true\"><\/i><\/a>\n\t\t\t\t\t\t\t\t\t\t\t\t\t<\/div>\n\n\t\t\t\t\t\n\t\t\t\t<\/div>\n\n\t\t\t\t\n\t\t\t\t<div class=\"kc-list-item-2\">\n\n\t\t\t\t\t\n\t\t\t\t\t\t<div class=\"post-item-left\">\n\t\t\t\t\t\t\t<div class=\"post_details\">\n\t\t\t\t\t\t\t\t<h2 class=\"post-title-alt\"><a\n\t\t\t\t\t\t\t\t\t\thref=\"https:\/\/atlas-scc.com\/en\/what-challenges-corporate-sustainability\/\"\n\t\t\t\t\t\t\t\t\t\ttitle=\"\u00a0What Challenges Corporate Sustainability?\">\u00a0What Challenges Corporate Sustainability?<\/a>\n\t\t\t\t\t\t\t\t<\/h2>\n\t\t\t\t\t\t\t\t\t\t\t\t\t\t\t<\/div>\n\t\t\t\t\t\t\t\t\t\t\t\t\t\t\t<p>What Challenges Corporate Sustainability? Nilg\u00fcn Aytekin \/\/ 25.08.2024 Corporate sustainability has transitioned from being a niche topic to becoming a mainstream business imperative for many sectors and companies. Organizations across different industries are aiming to align with global standards such as the United Nations' Sustainable Development Goals (SDGs) and the&hellip;<\/p>\n\t\t\t\t\t\t\t\t\t\t\t\t\t\t<a href=\"https:\/\/atlas-scc.com\/en\/what-challenges-corporate-sustainability\/\"\n\t\t\t\t\t\t\t   class=\"kc-post-2-button\">Read More <i\n\t\t\t\t\t\t\t\t\tclass=\"fa fa-angle-right\" aria-hidden=\"true\"><\/i><\/a>\n\t\t\t\t\t\t\t\t\t\t\t\t\t<\/div>\n\t\t\t\t\t\t<div class=\"post-item-right\">\n\t\t\t\t\t\t\t<figure>\n\t\t\t\t\t\t\t\t<img decoding=\"async\" src=\"https:\/\/atlas-scc.com\/wp-content\/uploads\/\/little-boy-and-magnifying-glass-WQ6MACG-1-1024x683.jpg\"\n\t\t\t\t\t\t\t\t     alt=\"\u00a0What Challenges Corporate Sustainability?\">\n\t\t\t\t\t\t\t<\/figure>\n\t\t\t\t\t\t<\/div>\n\n\t\t\t\t\t\n\t\t\t\t<\/div>\n\n\t\t\t\t\n\t\t\t\t<div class=\"kc-list-item-2\">\n\n\t\t\t\t\t\t\t\t\t\t\t\t\t\t\t\t\t\t<div class=\"post-item-left\">\n\t\t\t\t\t\t\t\t<figure>\n\t\t\t\t\t\t\t\t\t<img decoding=\"async\" src=\"https:\/\/atlas-scc.com\/wp-content\/uploads\/\/sol-tZw3fcjUIpM-unsplash-1-1024x682.jpg\"\n\t\t\t\t\t\t\t\t\t     alt=\"What is the &#8220;S&#8221; in ESG?\">\n\t\t\t\t\t\t\t\t<\/figure>\n\t\t\t\t\t\t\t<\/div>\n\t\t\t\t\t\t\t\t\t\t\t\t<div class=\"post-item-right\">\n\t\t\t\t\t\t\t<div class=\"post_details\">\n\t\t\t\t\t\t\t\t<h2 class=\"post-title-alt\"><a\n\t\t\t\t\t\t\t\t\t\thref=\"https:\/\/atlas-scc.com\/en\/what-is-the-s-in-esg\/\"\n\t\t\t\t\t\t\t\t\t\ttitle=\"What is the &#8220;S&#8221; in ESG?\">What is the &#8220;S&#8221; in ESG?<\/a>\n\t\t\t\t\t\t\t\t<\/h2>\n\n\t\t\t\t\t\t\t\t\t\t\t\t\t\t\t<\/div>\n\t\t\t\t\t\t\t\t\t\t\t\t\t\t\t<p>What is the \"S\" in ESG? Elif \u00d6zt\u00fcrk \/\/ 21.08.2024 ESG (Environmental, Social, and Governance) criteria provide a framework for evaluating a company's operations within the context of sustainability and corporate responsibility. Among these criteria, the \"S\" stands for the Social aspect, which addresses how a company manages its relationships&hellip;<\/p>\n\t\t\t\t\t\t\t\t\t\t\t\t\t\t<a href=\"https:\/\/atlas-scc.com\/en\/what-is-the-s-in-esg\/\"\n\t\t\t\t\t\t\t   class=\"kc-post-2-button\">Read More <i\n\t\t\t\t\t\t\t\t\tclass=\"fa fa-angle-right\" aria-hidden=\"true\"><\/i><\/a>\n\t\t\t\t\t\t\t\t\t\t\t\t\t<\/div>\n\n\t\t\t\t\t\n\t\t\t\t<\/div>\n\n\t\t\t\t\n\t\t\t\t<div class=\"kc-list-item-2\">\n\n\t\t\t\t\t\n\t\t\t\t\t\t<div class=\"post-item-left\">\n\t\t\t\t\t\t\t<div class=\"post_details\">\n\t\t\t\t\t\t\t\t<h2 class=\"post-title-alt\"><a\n\t\t\t\t\t\t\t\t\t\thref=\"https:\/\/atlas-scc.com\/en\/what-is-e-in-esg\/\"\n\t\t\t\t\t\t\t\t\t\ttitle=\"What is E in ESG?\">What is E in ESG?<\/a>\n\t\t\t\t\t\t\t\t<\/h2>\n\t\t\t\t\t\t\t\t\t\t\t\t\t\t\t<\/div>\n\t\t\t\t\t\t\t\t\t\t\t\t\t\t\t<p>What is E in ESG? Elif Atak \/\/ 14.08.2024 The Environmental, Social, and Governance (ESG) framework evaluates a company's performance and decision-making processes in the context of its relationship with the natural environment. The \"E\" in ESG stands for \"Environmental\" and is concerned with a company\u2019s impact on the planet.&hellip;<\/p>\n\t\t\t\t\t\t\t\t\t\t\t\t\t\t<a href=\"https:\/\/atlas-scc.com\/en\/what-is-e-in-esg\/\"\n\t\t\t\t\t\t\t   class=\"kc-post-2-button\">Read More <i\n\t\t\t\t\t\t\t\t\tclass=\"fa fa-angle-right\" aria-hidden=\"true\"><\/i><\/a>\n\t\t\t\t\t\t\t\t\t\t\t\t\t<\/div>\n\t\t\t\t\t\t<div class=\"post-item-right\">\n\t\t\t\t\t\t\t<figure>\n\t\t\t\t\t\t\t\t<img decoding=\"async\" src=\"https:\/\/atlas-scc.com\/wp-content\/uploads\/gustavo-quepon-pF_2lrjWiJE-unsplash-1024x683.jpg\"\n\t\t\t\t\t\t\t\t     alt=\"What is E in ESG?\">\n\t\t\t\t\t\t\t<\/figure>\n\t\t\t\t\t\t<\/div>\n\n\t\t\t\t\t\n\t\t\t\t<\/div>\n\n\t\t\t\t\n\t\t\t\t<div class=\"kc-list-item-2\">\n\n\t\t\t\t\t\t\t\t\t\t\t\t\t\t\t\t\t\t<div class=\"post-item-left\">\n\t\t\t\t\t\t\t\t<figure>\n\t\t\t\t\t\t\t\t\t<img decoding=\"async\" src=\"https:\/\/atlas-scc.com\/wp-content\/uploads\/\/chepe-nicoli-if0K7iBBDxw-unsplash-1-1024x683.jpg\"\n\t\t\t\t\t\t\t\t\t     alt=\"The Complexities of Establishing a Sustainable Supply Chain\">\n\t\t\t\t\t\t\t\t<\/figure>\n\t\t\t\t\t\t\t<\/div>\n\t\t\t\t\t\t\t\t\t\t\t\t<div class=\"post-item-right\">\n\t\t\t\t\t\t\t<div class=\"post_details\">\n\t\t\t\t\t\t\t\t<h2 class=\"post-title-alt\"><a\n\t\t\t\t\t\t\t\t\t\thref=\"https:\/\/atlas-scc.com\/en\/the-complexities-of-establishing-a-sustainable-supply-chain\/\"\n\t\t\t\t\t\t\t\t\t\ttitle=\"The Complexities of Establishing a Sustainable Supply Chain\">The Complexities of Establishing a Sustainable Supply Chain<\/a>\n\t\t\t\t\t\t\t\t<\/h2>\n\n\t\t\t\t\t\t\t\t\t\t\t\t\t\t\t<\/div>\n\t\t\t\t\t\t\t\t\t\t\t\t\t\t\t<p>The Complexities of Establishing a Sustainable Supply Chain Nilg\u00fcn Aytekin \/\/ 11.08.2024 In today's economy, sustainability is not just a buzzword; it is a crucial component of business strategy. Companies that prioritize sustainable practices not only help protect the environment but also build resilience, foster customer loyalty, and ensure long-term&hellip;<\/p>\n\t\t\t\t\t\t\t\t\t\t\t\t\t\t<a href=\"https:\/\/atlas-scc.com\/en\/the-complexities-of-establishing-a-sustainable-supply-chain\/\"\n\t\t\t\t\t\t\t   class=\"kc-post-2-button\">Read More <i\n\t\t\t\t\t\t\t\t\tclass=\"fa fa-angle-right\" aria-hidden=\"true\"><\/i><\/a>\n\t\t\t\t\t\t\t\t\t\t\t\t\t<\/div>\n\n\t\t\t\t\t\n\t\t\t\t<\/div>\n\n\t\t\t\t\n\t\t\t\t<div class=\"kc-list-item-2\">\n\n\t\t\t\t\t\n\t\t\t\t\t\t<div class=\"post-item-left\">\n\t\t\t\t\t\t\t<div class=\"post_details\">\n\t\t\t\t\t\t\t\t<h2 class=\"post-title-alt\"><a\n\t\t\t\t\t\t\t\t\t\thref=\"https:\/\/atlas-scc.com\/en\/__trashed-2\/\"\n\t\t\t\t\t\t\t\t\t\ttitle=\"Understanding the Models of Life Cycle Assessment\">Understanding the Models of Life Cycle Assessment<\/a>\n\t\t\t\t\t\t\t\t<\/h2>\n\t\t\t\t\t\t\t\t\t\t\t\t\t\t\t<\/div>\n\t\t\t\t\t\t\t\t\t\t\t\t\t\t\t<p>Understanding the Models of Life Cycle Assessment Nilg\u00fcn Aytekin \/\/ 06.07.2024 Life Cycle Assessment (LCA) is a vital tool which helps identifying the environmental impacts of products and processes and supports sustainable decision-making. Within LCA, various models are used to define the scope and boundaries of the assessment. These models&hellip;<\/p>\n\t\t\t\t\t\t\t\t\t\t\t\t\t\t<a href=\"https:\/\/atlas-scc.com\/en\/__trashed-2\/\"\n\t\t\t\t\t\t\t   class=\"kc-post-2-button\">Read More <i\n\t\t\t\t\t\t\t\t\tclass=\"fa fa-angle-right\" aria-hidden=\"true\"><\/i><\/a>\n\t\t\t\t\t\t\t\t\t\t\t\t\t<\/div>\n\t\t\t\t\t\t<div class=\"post-item-right\">\n\t\t\t\t\t\t\t<figure>\n\t\t\t\t\t\t\t\t<img decoding=\"async\" src=\"https:\/\/atlas-scc.com\/wp-content\/uploads\/\/josh-power-Vd1Kozoez5g-unsplashv-3-1024x683.png\"\n\t\t\t\t\t\t\t\t     alt=\"Understanding the Models of Life Cycle Assessment\">\n\t\t\t\t\t\t\t<\/figure>\n\t\t\t\t\t\t<\/div>\n\n\t\t\t\t\t\n\t\t\t\t<\/div>\n\n\t\t\t\t\n\t\t\t\t<div class=\"kc-list-item-2\">\n\n\t\t\t\t\t\t\t\t\t\t\t\t\t\t\t\t\t\t<div class=\"post-item-left\">\n\t\t\t\t\t\t\t\t<figure>\n\t\t\t\t\t\t\t\t\t<img decoding=\"async\" src=\"https:\/\/atlas-scc.com\/wp-content\/uploads\/\/anne-nygard-vc-vPgGqAr4-unsplash-1-1024x683.jpg\"\n\t\t\t\t\t\t\t\t\t     alt=\"Differences Between Emission Trading System and Carbon Tax Applications\">\n\t\t\t\t\t\t\t\t<\/figure>\n\t\t\t\t\t\t\t<\/div>\n\t\t\t\t\t\t\t\t\t\t\t\t<div class=\"post-item-right\">\n\t\t\t\t\t\t\t<div class=\"post_details\">\n\t\t\t\t\t\t\t\t<h2 class=\"post-title-alt\"><a\n\t\t\t\t\t\t\t\t\t\thref=\"https:\/\/atlas-scc.com\/en\/__trashed\/\"\n\t\t\t\t\t\t\t\t\t\ttitle=\"Differences Between Emission Trading System and Carbon Tax Applications\">Differences Between Emission Trading System and Carbon Tax Applications<\/a>\n\t\t\t\t\t\t\t\t<\/h2>\n\n\t\t\t\t\t\t\t\t\t\t\t\t\t\t\t<\/div>\n\t\t\t\t\t\t\t\t\t\t\t\t\t\t\t<p>Differences Between Emission Trading System and Carbon Tax Applications Nilg\u00fcn Aytekin \/\/ 09.07.2024 Recently, the terms Emission Trading System (ETS) and Carbon Tax have become increasingly common. Both ETS and Carbon Tax are recognized as effective instruments in the fight against climate change, yet they operate on distinct principles. This&hellip;<\/p>\n\t\t\t\t\t\t\t\t\t\t\t\t\t\t<a href=\"https:\/\/atlas-scc.com\/en\/__trashed\/\"\n\t\t\t\t\t\t\t   class=\"kc-post-2-button\">Read More <i\n\t\t\t\t\t\t\t\t\tclass=\"fa fa-angle-right\" aria-hidden=\"true\"><\/i><\/a>\n\t\t\t\t\t\t\t\t\t\t\t\t\t<\/div>\n\n\t\t\t\t\t\n\t\t\t\t<\/div>\n\n\t\t\t\t\n\t\t\t\t<div class=\"kc-list-item-2\">\n\n\t\t\t\t\t\n\t\t\t\t\t\t<div class=\"post-item-left\">\n\t\t\t\t\t\t\t<div class=\"post_details\">\n\t\t\t\t\t\t\t\t<h2 class=\"post-title-alt\"><a\n\t\t\t\t\t\t\t\t\t\thref=\"https:\/\/atlas-scc.com\/en\/what-is-esg\/\"\n\t\t\t\t\t\t\t\t\t\ttitle=\"What is ESG?\">What is ESG?<\/a>\n\t\t\t\t\t\t\t\t<\/h2>\n\t\t\t\t\t\t\t\t\t\t\t\t\t\t\t<\/div>\n\t\t\t\t\t\t\t\t\t\t\t\t\t\t\t<p>What is ESG? Elif Atak \/\/ 07.08.2024 ESG (Environmental, Social, and Governance) is a concept that evaluates performance and decision-making in environmental, social, and governance domains. ESG criteria measure not only the financial performance of companies but also their environmental impacts, social responsibilities, and corporate governance standards. When we look&hellip;<\/p>\n\t\t\t\t\t\t\t\t\t\t\t\t\t\t<a href=\"https:\/\/atlas-scc.com\/en\/what-is-esg\/\"\n\t\t\t\t\t\t\t   class=\"kc-post-2-button\">Read More <i\n\t\t\t\t\t\t\t\t\tclass=\"fa fa-angle-right\" aria-hidden=\"true\"><\/i><\/a>\n\t\t\t\t\t\t\t\t\t\t\t\t\t<\/div>\n\t\t\t\t\t\t<div class=\"post-item-right\">\n\t\t\t\t\t\t\t<figure>\n\t\t\t\t\t\t\t\t<img decoding=\"async\" src=\"https:\/\/atlas-scc.com\/wp-content\/uploads\/\/khampha-phimmachak-IRUcIOMOiEI-unsplash-1-1024x683.jpg\"\n\t\t\t\t\t\t\t\t     alt=\"What is ESG?\">\n\t\t\t\t\t\t\t<\/figure>\n\t\t\t\t\t\t<\/div>\n\n\t\t\t\t\t\n\t\t\t\t<\/div>\n\n\t\t\t\t\n\t\t\t\t<div class=\"kc-list-item-2\">\n\n\t\t\t\t\t\t\t\t\t\t\t\t\t\t\t\t\t\t<div class=\"post-item-left\">\n\t\t\t\t\t\t\t\t<figure>\n\t\t\t\t\t\t\t\t\t<img decoding=\"async\" src=\"https:\/\/atlas-scc.com\/wp-content\/uploads\/\/IMG_6445-1-1024x683.jpg\"\n\t\t\t\t\t\t\t\t\t     alt=\"Discussing Human Resources and Sustainability with Ay\u00e7a G\u00fcne\u015f Egemen\">\n\t\t\t\t\t\t\t\t<\/figure>\n\t\t\t\t\t\t\t<\/div>\n\t\t\t\t\t\t\t\t\t\t\t\t<div class=\"post-item-right\">\n\t\t\t\t\t\t\t<div class=\"post_details\">\n\t\t\t\t\t\t\t\t<h2 class=\"post-title-alt\"><a\n\t\t\t\t\t\t\t\t\t\thref=\"https:\/\/atlas-scc.com\/en\/discussing-human-resources-and-sustainability-with-ayca-gunes-egemen\/\"\n\t\t\t\t\t\t\t\t\t\ttitle=\"Discussing Human Resources and Sustainability with Ay\u00e7a G\u00fcne\u015f Egemen\">Discussing Human Resources and Sustainability with Ay\u00e7a G\u00fcne\u015f Egemen<\/a>\n\t\t\t\t\t\t\t\t<\/h2>\n\n\t\t\t\t\t\t\t\t\t\t\t\t\t\t\t<\/div>\n\t\t\t\t\t\t\t\t\t\t\t\t\t\t\t<p>Discussing Human Resources and Sustainability with Ay\u00e7a G\u00fcne\u015f Egemen Nilg\u00fcn Aytekin \/\/ 02.08.2024 This week, our guest on the Interview Blog is my dear friend Ay\u00e7a G\u00fcne\u015f Egemen, owner of Human Network Human Resources firm. Our friendship dates back to our school years. With her kindness, humble demeanor, and different&hellip;<\/p>\n\t\t\t\t\t\t\t\t\t\t\t\t\t\t<a href=\"https:\/\/atlas-scc.com\/en\/discussing-human-resources-and-sustainability-with-ayca-gunes-egemen\/\"\n\t\t\t\t\t\t\t   class=\"kc-post-2-button\">Read More <i\n\t\t\t\t\t\t\t\t\tclass=\"fa fa-angle-right\" aria-hidden=\"true\"><\/i><\/a>\n\t\t\t\t\t\t\t\t\t\t\t\t\t<\/div>\n\n\t\t\t\t\t\n\t\t\t\t<\/div>\n\n\t\t\t\t\n\t\t\t\t<div class=\"kc-list-item-2\">\n\n\t\t\t\t\t\n\t\t\t\t\t\t<div class=\"post-item-left\">\n\t\t\t\t\t\t\t<div class=\"post_details\">\n\t\t\t\t\t\t\t\t<h2 class=\"post-title-alt\"><a\n\t\t\t\t\t\t\t\t\t\thref=\"https:\/\/atlas-scc.com\/en\/is-a-digital-transformation-complete-without-including-sustainability-strategies\/\"\n\t\t\t\t\t\t\t\t\t\ttitle=\"Is a Digital Transformation Complete Without Including Sustainability Strategies?\">Is a Digital Transformation Complete Without Including Sustainability Strategies?<\/a>\n\t\t\t\t\t\t\t\t<\/h2>\n\t\t\t\t\t\t\t\t\t\t\t\t\t\t\t<\/div>\n\t\t\t\t\t\t\t\t\t\t\t\t\t\t\t<p>Is a Digital Transformation Complete Without Including Sustainability Strategies? Elif Atak \/\/ 29.07.2024 In today's fast-evolving business landscape, two of the most compelling forces driving change are digital transformation and sustainability. These seemingly distinct concepts are increasingly interwoven, creating synergies that not only enhance operational efficiency but also foster a&hellip;<\/p>\n\t\t\t\t\t\t\t\t\t\t\t\t\t\t<a href=\"https:\/\/atlas-scc.com\/en\/is-a-digital-transformation-complete-without-including-sustainability-strategies\/\"\n\t\t\t\t\t\t\t   class=\"kc-post-2-button\">Read More <i\n\t\t\t\t\t\t\t\t\tclass=\"fa fa-angle-right\" aria-hidden=\"true\"><\/i><\/a>\n\t\t\t\t\t\t\t\t\t\t\t\t\t<\/div>\n\t\t\t\t\t\t<div class=\"post-item-right\">\n\t\t\t\t\t\t\t<figure>\n\t\t\t\t\t\t\t\t<img decoding=\"async\" src=\"https:\/\/atlas-scc.com\/wp-content\/uploads\/\/katarzyna-pe-Twe3VxJlDiY-unsplash-1-1024x682.jpg\"\n\t\t\t\t\t\t\t\t     alt=\"Is a Digital Transformation Complete Without Including Sustainability Strategies?\">\n\t\t\t\t\t\t\t<\/figure>\n\t\t\t\t\t\t<\/div>\n\n\t\t\t\t\t\n\t\t\t\t<\/div>\n\n\t\t\t\t\n\t\t\t\t<div class=\"kc-list-item-2\">\n\n\t\t\t\t\t\t\t\t\t\t\t\t\t\t\t\t\t\t<div class=\"post-item-left\">\n\t\t\t\t\t\t\t\t<figure>\n\t\t\t\t\t\t\t\t\t<img decoding=\"async\" src=\"https:\/\/atlas-scc.com\/wp-content\/uploads\/\/nik-YpsnJ6eGjVs-unsplash-1-1024x683.jpg\"\n\t\t\t\t\t\t\t\t\t     alt=\"What is Doughnut Economics?\">\n\t\t\t\t\t\t\t\t<\/figure>\n\t\t\t\t\t\t\t<\/div>\n\t\t\t\t\t\t\t\t\t\t\t\t<div class=\"post-item-right\">\n\t\t\t\t\t\t\t<div class=\"post_details\">\n\t\t\t\t\t\t\t\t<h2 class=\"post-title-alt\"><a\n\t\t\t\t\t\t\t\t\t\thref=\"https:\/\/atlas-scc.com\/en\/what-is-doughnut-economics\/\"\n\t\t\t\t\t\t\t\t\t\ttitle=\"What is Doughnut Economics?\">What is Doughnut Economics?<\/a>\n\t\t\t\t\t\t\t\t<\/h2>\n\n\t\t\t\t\t\t\t\t\t\t\t\t\t\t\t<\/div>\n\t\t\t\t\t\t\t\t\t\t\t\t\t\t\t<p>What is Doughnut Economics? Nilg\u00fcn Aytekin \/\/ 22.07.2024 Doughnut Economics is an alternative economic model developed by economist Kate Raworth in 2017 as detailed in her book \"Doughnut Economics: Seven Ways to Think Like a 21st-Century Economist.\" This model emphasizes that economic activities should be conducted sustainably within both social&hellip;<\/p>\n\t\t\t\t\t\t\t\t\t\t\t\t\t\t<a href=\"https:\/\/atlas-scc.com\/en\/what-is-doughnut-economics\/\"\n\t\t\t\t\t\t\t   class=\"kc-post-2-button\">Read More <i\n\t\t\t\t\t\t\t\t\tclass=\"fa fa-angle-right\" aria-hidden=\"true\"><\/i><\/a>\n\t\t\t\t\t\t\t\t\t\t\t\t\t<\/div>\n\n\t\t\t\t\t\n\t\t\t\t<\/div>\n\n\t\t\t\t\n\t\t\t\t<div class=\"kc-list-item-2\">\n\n\t\t\t\t\t\n\t\t\t\t\t\t<div class=\"post-item-left\">\n\t\t\t\t\t\t\t<div class=\"post_details\">\n\t\t\t\t\t\t\t\t<h2 class=\"post-title-alt\"><a\n\t\t\t\t\t\t\t\t\t\thref=\"https:\/\/atlas-scc.com\/en\/applications-of-life-cycle-assessment\/\"\n\t\t\t\t\t\t\t\t\t\ttitle=\"Applications of Life Cycle Assessment\">Applications of Life Cycle Assessment<\/a>\n\t\t\t\t\t\t\t\t<\/h2>\n\t\t\t\t\t\t\t\t\t\t\t\t\t\t\t<\/div>\n\t\t\t\t\t\t\t\t\t\t\t\t\t\t\t<p>Applications of Life Cycle Assessment Nilg\u00fcn Aytekin \/\/ 20.07.2024 Life Cycle Assessment (LCA) is an important instrument used for many purposes throughout the green transition. From raw material extraction to disposal, LCA provides insights into product-related environmental impacts, identifies improvement areas and supports decision-making in various sectors. Here are some&hellip;<\/p>\n\t\t\t\t\t\t\t\t\t\t\t\t\t\t<a href=\"https:\/\/atlas-scc.com\/en\/applications-of-life-cycle-assessment\/\"\n\t\t\t\t\t\t\t   class=\"kc-post-2-button\">Read More <i\n\t\t\t\t\t\t\t\t\tclass=\"fa fa-angle-right\" aria-hidden=\"true\"><\/i><\/a>\n\t\t\t\t\t\t\t\t\t\t\t\t\t<\/div>\n\t\t\t\t\t\t<div class=\"post-item-right\">\n\t\t\t\t\t\t\t<figure>\n\t\t\t\t\t\t\t\t<img decoding=\"async\" src=\"https:\/\/atlas-scc.com\/wp-content\/uploads\/\/alexander-abero-OypnYfdiQgg-unsplash-1-1024x683.jpg\"\n\t\t\t\t\t\t\t\t     alt=\"Applications of Life Cycle Assessment\">\n\t\t\t\t\t\t\t<\/figure>\n\t\t\t\t\t\t<\/div>\n\n\t\t\t\t\t\n\t\t\t\t<\/div>\n\n\t\t\t\t\n\t\t\t\t<div class=\"kc-list-item-2\">\n\n\t\t\t\t\t\t\t\t\t\t\t\t\t\t\t\t\t\t<div class=\"post-item-left\">\n\t\t\t\t\t\t\t\t<figure>\n\t\t\t\t\t\t\t\t\t<img decoding=\"async\" src=\"https:\/\/atlas-scc.com\/wp-content\/uploads\/\/chamika-jayasri-sUvOgg-y074-unsplash-3-1024x682.jpg\"\n\t\t\t\t\t\t\t\t\t     alt=\"Water Scarcity in Turkey and Increasing Risks Due to Climate Crisis\">\n\t\t\t\t\t\t\t\t<\/figure>\n\t\t\t\t\t\t\t<\/div>\n\t\t\t\t\t\t\t\t\t\t\t\t<div class=\"post-item-right\">\n\t\t\t\t\t\t\t<div class=\"post_details\">\n\t\t\t\t\t\t\t\t<h2 class=\"post-title-alt\"><a\n\t\t\t\t\t\t\t\t\t\thref=\"https:\/\/atlas-scc.com\/en\/water-scarcity-in-turkey-and-increasing-risks-due-to-climate-crisis\/\"\n\t\t\t\t\t\t\t\t\t\ttitle=\"Water Scarcity in Turkey and Increasing Risks Due to Climate Crisis\">Water Scarcity in Turkey and Increasing Risks Due to Climate Crisis<\/a>\n\t\t\t\t\t\t\t\t<\/h2>\n\n\t\t\t\t\t\t\t\t\t\t\t\t\t\t\t<\/div>\n\t\t\t\t\t\t\t\t\t\t\t\t\t\t\t<p>Water Scarcity in Turkey and Increasing Risks Due to Climate Crisis Nilg\u00fcn Aytekin \/\/ 15.07.2024 As we all come to realize the critical importance of water during these summer days, it is indeed concerning to note the scientific data indicating that a significant portion of Turkey is currently experiencing \"extraordinary&hellip;<\/p>\n\t\t\t\t\t\t\t\t\t\t\t\t\t\t<a href=\"https:\/\/atlas-scc.com\/en\/water-scarcity-in-turkey-and-increasing-risks-due-to-climate-crisis\/\"\n\t\t\t\t\t\t\t   class=\"kc-post-2-button\">Read More <i\n\t\t\t\t\t\t\t\t\tclass=\"fa fa-angle-right\" aria-hidden=\"true\"><\/i><\/a>\n\t\t\t\t\t\t\t\t\t\t\t\t\t<\/div>\n\n\t\t\t\t\t\n\t\t\t\t<\/div>\n\n\t\t\t\t\n\t\t\t\t<div class=\"kc-list-item-2\">\n\n\t\t\t\t\t\n\t\t\t\t\t\t<div class=\"post-item-left\">\n\t\t\t\t\t\t\t<div class=\"post_details\">\n\t\t\t\t\t\t\t\t<h2 class=\"post-title-alt\"><a\n\t\t\t\t\t\t\t\t\t\thref=\"https:\/\/atlas-scc.com\/en\/is-it-possible-to-make-a-profit-while-prioritizing-human-and-environmental-considerations\/\"\n\t\t\t\t\t\t\t\t\t\ttitle=\"Is it possible to make a profit while prioritizing human and environmental considerations?\">Is it possible to make a profit while prioritizing human and environmental considerations?<\/a>\n\t\t\t\t\t\t\t\t<\/h2>\n\t\t\t\t\t\t\t\t\t\t\t\t\t\t\t<\/div>\n\t\t\t\t\t\t\t\t\t\t\t\t\t\t\t<p>Is it possible to make a profit while prioritizing human and environmental considerations? Elif \u00d6zt\u00fcrk \/\/ 02.07.2024 Prioritizing both profit and the well-being of people and the environment is increasingly important in today's business world. Traditional business models often aim to maximize profit, sometimes overlooking their environmental and social impacts.&hellip;<\/p>\n\t\t\t\t\t\t\t\t\t\t\t\t\t\t<a href=\"https:\/\/atlas-scc.com\/en\/is-it-possible-to-make-a-profit-while-prioritizing-human-and-environmental-considerations\/\"\n\t\t\t\t\t\t\t   class=\"kc-post-2-button\">Read More <i\n\t\t\t\t\t\t\t\t\tclass=\"fa fa-angle-right\" aria-hidden=\"true\"><\/i><\/a>\n\t\t\t\t\t\t\t\t\t\t\t\t\t<\/div>\n\t\t\t\t\t\t<div class=\"post-item-right\">\n\t\t\t\t\t\t\t<figure>\n\t\t\t\t\t\t\t\t<img decoding=\"async\" src=\"https:\/\/atlas-scc.com\/wp-content\/uploads\/\/shutterstock_737412403v-1-1024x683.png\"\n\t\t\t\t\t\t\t\t     alt=\"Is it possible to make a profit while prioritizing human and environmental considerations?\">\n\t\t\t\t\t\t\t<\/figure>\n\t\t\t\t\t\t<\/div>\n\n\t\t\t\t\t\n\t\t\t\t<\/div>\n\n\t\t\t\t\n\t\t\t\t<div class=\"kc-list-item-2\">\n\n\t\t\t\t\t\t\t\t\t\t\t\t\t\t\t\t\t\t<div class=\"post-item-left\">\n\t\t\t\t\t\t\t\t<figure>\n\t\t\t\t\t\t\t\t\t<img decoding=\"async\" src=\"https:\/\/atlas-scc.com\/wp-content\/uploads\/\/edward-howell-VlTJdP8ZY1c-unsplash.v1-1-1024x683.png\"\n\t\t\t\t\t\t\t\t\t     alt=\"Life Cycle Assessment Methodology\">\n\t\t\t\t\t\t\t\t<\/figure>\n\t\t\t\t\t\t\t<\/div>\n\t\t\t\t\t\t\t\t\t\t\t\t<div class=\"post-item-right\">\n\t\t\t\t\t\t\t<div class=\"post_details\">\n\t\t\t\t\t\t\t\t<h2 class=\"post-title-alt\"><a\n\t\t\t\t\t\t\t\t\t\thref=\"https:\/\/atlas-scc.com\/en\/life-cycle-assessment-methodology\/\"\n\t\t\t\t\t\t\t\t\t\ttitle=\"Life Cycle Assessment Methodology\">Life Cycle Assessment Methodology<\/a>\n\t\t\t\t\t\t\t\t<\/h2>\n\n\t\t\t\t\t\t\t\t\t\t\t\t\t\t\t<\/div>\n\t\t\t\t\t\t\t\t\t\t\t\t\t\t\t<p>Life Cycle Assessment Methodology Nilg\u00fcn Aytekin \/\/ 30.06.2024 Life Cycle Assessment (LCA) methodology encompasses several key stages that help in quantifying and assessing environmental impacts. Goal and Scope Definition: The first step in conducting an LCA is defining the goal and scope of the assessment. This involves determining the purpose&hellip;<\/p>\n\t\t\t\t\t\t\t\t\t\t\t\t\t\t<a href=\"https:\/\/atlas-scc.com\/en\/life-cycle-assessment-methodology\/\"\n\t\t\t\t\t\t\t   class=\"kc-post-2-button\">Read More <i\n\t\t\t\t\t\t\t\t\tclass=\"fa fa-angle-right\" aria-hidden=\"true\"><\/i><\/a>\n\t\t\t\t\t\t\t\t\t\t\t\t\t<\/div>\n\n\t\t\t\t\t\n\t\t\t\t<\/div>\n\n\t\t\t\t\n\t\t\t\t<div class=\"kc-list-item-2\">\n\n\t\t\t\t\t\n\t\t\t\t\t\t<div class=\"post-item-left\">\n\t\t\t\t\t\t\t<div class=\"post_details\">\n\t\t\t\t\t\t\t\t<h2 class=\"post-title-alt\"><a\n\t\t\t\t\t\t\t\t\t\thref=\"https:\/\/atlas-scc.com\/en\/are-fatal-workplace-accidents-turkeys-key-barrier-to-sustainable-development-goals\/\"\n\t\t\t\t\t\t\t\t\t\ttitle=\"Are Fatal Workplace Accidents Turkey&#8217;s Key Barrier to Sustainable Development Goals?\">Are Fatal Workplace Accidents Turkey&#8217;s Key Barrier to Sustainable Development Goals?<\/a>\n\t\t\t\t\t\t\t\t<\/h2>\n\t\t\t\t\t\t\t\t\t\t\t\t\t\t\t<\/div>\n\t\t\t\t\t\t\t\t\t\t\t\t\t\t\t<p>Are Fatal Workplace Accidents Turkey's Key Barrier to Sustainable Development Goals? Zeynep Thomas \/\/ 20.06.2024 The United Nations aims to achieve sustainable environmental, economic, and social development by 2030 through 17 interconnected Sustainable Development Goals, targeting key global issues that also affect Turkey and other countries. SDG 8 focuses on&hellip;<\/p>\n\t\t\t\t\t\t\t\t\t\t\t\t\t\t<a href=\"https:\/\/atlas-scc.com\/en\/are-fatal-workplace-accidents-turkeys-key-barrier-to-sustainable-development-goals\/\"\n\t\t\t\t\t\t\t   class=\"kc-post-2-button\">Read More <i\n\t\t\t\t\t\t\t\t\tclass=\"fa fa-angle-right\" aria-hidden=\"true\"><\/i><\/a>\n\t\t\t\t\t\t\t\t\t\t\t\t\t<\/div>\n\t\t\t\t\t\t<div class=\"post-item-right\">\n\t\t\t\t\t\t\t<figure>\n\t\t\t\t\t\t\t\t<img decoding=\"async\" src=\"https:\/\/atlas-scc.com\/wp-content\/uploads\/\/sandy-millar-yvpexJFLTSU-unsplash-1-1024x683.jpg\"\n\t\t\t\t\t\t\t\t     alt=\"Are Fatal Workplace Accidents Turkey&#8217;s Key Barrier to Sustainable Development Goals?\">\n\t\t\t\t\t\t\t<\/figure>\n\t\t\t\t\t\t<\/div>\n\n\t\t\t\t\t\n\t\t\t\t<\/div>\n\n\t\t\t\t\n\t\t\t\t<div class=\"kc-list-item-2\">\n\n\t\t\t\t\t\t\t\t\t\t\t\t\t\t\t\t\t\t<div class=\"post-item-left\">\n\t\t\t\t\t\t\t\t<figure>\n\t\t\t\t\t\t\t\t\t<img decoding=\"async\" src=\"https:\/\/atlas-scc.com\/wp-content\/uploads\/\/mario-dobelmann-QKBc8uYQDH0-unsplash-1-1024x683.jpg\"\n\t\t\t\t\t\t\t\t\t     alt=\"What is Life Cycle Assessment?\">\n\t\t\t\t\t\t\t\t<\/figure>\n\t\t\t\t\t\t\t<\/div>\n\t\t\t\t\t\t\t\t\t\t\t\t<div class=\"post-item-right\">\n\t\t\t\t\t\t\t<div class=\"post_details\">\n\t\t\t\t\t\t\t\t<h2 class=\"post-title-alt\"><a\n\t\t\t\t\t\t\t\t\t\thref=\"https:\/\/atlas-scc.com\/en\/what-is-life-cycle-assessment\/\"\n\t\t\t\t\t\t\t\t\t\ttitle=\"What is Life Cycle Assessment?\">What is Life Cycle Assessment?<\/a>\n\t\t\t\t\t\t\t\t<\/h2>\n\n\t\t\t\t\t\t\t\t\t\t\t\t\t\t\t<\/div>\n\t\t\t\t\t\t\t\t\t\t\t\t\t\t\t<p>What is Life Cycle Assessment? A Life Cycle Assessment (LCA) is defined as a systematic method for evaluating the potential environmental impacts associated with products or services throughout their entire life cycle. During a Life Cycle Assessment (LCA), you evaluate the potential environmental impacts across all stages of a product's&hellip;<\/p>\n\t\t\t\t\t\t\t\t\t\t\t\t\t\t<a href=\"https:\/\/atlas-scc.com\/en\/what-is-life-cycle-assessment\/\"\n\t\t\t\t\t\t\t   class=\"kc-post-2-button\">Read More <i\n\t\t\t\t\t\t\t\t\tclass=\"fa fa-angle-right\" aria-hidden=\"true\"><\/i><\/a>\n\t\t\t\t\t\t\t\t\t\t\t\t\t<\/div>\n\n\t\t\t\t\t\n\t\t\t\t<\/div>\n\n\t\t\t\t\n\t\t\t\t<div class=\"kc-list-item-2\">\n\n\t\t\t\t\t\n\t\t\t\t\t\t<div class=\"post-item-left\">\n\t\t\t\t\t\t\t<div class=\"post_details\">\n\t\t\t\t\t\t\t\t<h2 class=\"post-title-alt\"><a\n\t\t\t\t\t\t\t\t\t\thref=\"https:\/\/atlas-scc.com\/en\/an-inspirational-interview-with-artist-damla-yalcin\/\"\n\t\t\t\t\t\t\t\t\t\ttitle=\"An Inspirational Interview with Artist Damla Yal\u00e7\u0131n\">An Inspirational Interview with Artist Damla Yal\u00e7\u0131n<\/a>\n\t\t\t\t\t\t\t\t<\/h2>\n\t\t\t\t\t\t\t\t\t\t\t\t\t\t\t<\/div>\n\t\t\t\t\t\t\t\t\t\t\t\t\t\t\t<p>An Inspirational Interview with Artist Damla Yal\u00e7\u0131n Nilg\u00fcn Aytekin \/\/ 17.06.2024 This week's blog post features a guest who is a dear friend and a multi-talented individual. After completing her art education, she made significant contributions to the sustainability practices in the textile industry through her research and master's thesis&hellip;<\/p>\n\t\t\t\t\t\t\t\t\t\t\t\t\t\t<a href=\"https:\/\/atlas-scc.com\/en\/an-inspirational-interview-with-artist-damla-yalcin\/\"\n\t\t\t\t\t\t\t   class=\"kc-post-2-button\">Read More <i\n\t\t\t\t\t\t\t\t\tclass=\"fa fa-angle-right\" aria-hidden=\"true\"><\/i><\/a>\n\t\t\t\t\t\t\t\t\t\t\t\t\t<\/div>\n\t\t\t\t\t\t<div class=\"post-item-right\">\n\t\t\t\t\t\t\t<figure>\n\t\t\t\t\t\t\t\t<img decoding=\"async\" src=\"https:\/\/atlas-scc.com\/wp-content\/uploads\/\/IMG_1154-1-1024x707.jpg\"\n\t\t\t\t\t\t\t\t     alt=\"An Inspirational Interview with Artist Damla Yal\u00e7\u0131n\">\n\t\t\t\t\t\t\t<\/figure>\n\t\t\t\t\t\t<\/div>\n\n\t\t\t\t\t\n\t\t\t\t<\/div>\n\n\t\t\t\t\n\t\t\t\t<div class=\"kc-list-item-2\">\n\n\t\t\t\t\t\t\t\t\t\t\t\t\t\t\t\t\t\t<div class=\"post-item-left\">\n\t\t\t\t\t\t\t\t<figure>\n\t\t\t\t\t\t\t\t\t<img decoding=\"async\" src=\"https:\/\/atlas-scc.com\/wp-content\/uploads\/\/shutterstock_629296514V1-1-1024x683.jpg\"\n\t\t\t\t\t\t\t\t\t     alt=\"EU&#8217;s Commitment to Sustainable Textile Production\">\n\t\t\t\t\t\t\t\t<\/figure>\n\t\t\t\t\t\t\t<\/div>\n\t\t\t\t\t\t\t\t\t\t\t\t<div class=\"post-item-right\">\n\t\t\t\t\t\t\t<div class=\"post_details\">\n\t\t\t\t\t\t\t\t<h2 class=\"post-title-alt\"><a\n\t\t\t\t\t\t\t\t\t\thref=\"https:\/\/atlas-scc.com\/en\/eus-commitment-to-sustainable-textile-production\/\"\n\t\t\t\t\t\t\t\t\t\ttitle=\"EU&#8217;s Commitment to Sustainable Textile Production\">EU&#8217;s Commitment to Sustainable Textile Production<\/a>\n\t\t\t\t\t\t\t\t<\/h2>\n\n\t\t\t\t\t\t\t\t\t\t\t\t\t\t\t<\/div>\n\t\t\t\t\t\t\t\t\t\t\t\t\t\t\t<p>EU's Commitment to Sustainable Textile Production Nilg\u00fcn Aytekin \/\/ 10.06.2024 Textile waste has become a serious environmental and economic issue today. The global textile industry produces approximately 100 million tons of textiles annually. Market data shows that only about 20% of this production is recyclable. However, in reality, textile waste&hellip;<\/p>\n\t\t\t\t\t\t\t\t\t\t\t\t\t\t<a href=\"https:\/\/atlas-scc.com\/en\/eus-commitment-to-sustainable-textile-production\/\"\n\t\t\t\t\t\t\t   class=\"kc-post-2-button\">Read More <i\n\t\t\t\t\t\t\t\t\tclass=\"fa fa-angle-right\" aria-hidden=\"true\"><\/i><\/a>\n\t\t\t\t\t\t\t\t\t\t\t\t\t<\/div>\n\n\t\t\t\t\t\n\t\t\t\t<\/div>\n\n\t\t\t\t\n\t\t\t\t<div class=\"kc-list-item-2\">\n\n\t\t\t\t\t\n\t\t\t\t\t\t<div class=\"post-item-left\">\n\t\t\t\t\t\t\t<div class=\"post_details\">\n\t\t\t\t\t\t\t\t<h2 class=\"post-title-alt\"><a\n\t\t\t\t\t\t\t\t\t\thref=\"https:\/\/atlas-scc.com\/en\/can-biotextiles-solve-the-environmental-challenges-of-the-textile-industry\/\"\n\t\t\t\t\t\t\t\t\t\ttitle=\"Can Biotextiles Solve the Environmental Challenges of the Textile Industry?\">Can Biotextiles Solve the Environmental Challenges of the Textile Industry?<\/a>\n\t\t\t\t\t\t\t\t<\/h2>\n\t\t\t\t\t\t\t\t\t\t\t\t\t\t\t<\/div>\n\t\t\t\t\t\t\t\t\t\t\t\t\t\t\t<p>Can Biotextiles Solve the Environmental Challenges of the Textile Industry? Nilg\u00fcn Aytekin \/\/ 03.06.2024 The textile industry is one of the leading sectors today, known for its significant environmental impacts. The industry's production processes, along with factors such as water usage, chemical waste, and carbon dioxide emissions, cause severe environmental&hellip;<\/p>\n\t\t\t\t\t\t\t\t\t\t\t\t\t\t<a href=\"https:\/\/atlas-scc.com\/en\/can-biotextiles-solve-the-environmental-challenges-of-the-textile-industry\/\"\n\t\t\t\t\t\t\t   class=\"kc-post-2-button\">Read More <i\n\t\t\t\t\t\t\t\t\tclass=\"fa fa-angle-right\" aria-hidden=\"true\"><\/i><\/a>\n\t\t\t\t\t\t\t\t\t\t\t\t\t<\/div>\n\t\t\t\t\t\t<div class=\"post-item-right\">\n\t\t\t\t\t\t\t<figure>\n\t\t\t\t\t\t\t\t<img decoding=\"async\" src=\"https:\/\/atlas-scc.com\/wp-content\/uploads\/\/shutterstock_1301213107-kopyasi-3-1024x682.jpg\"\n\t\t\t\t\t\t\t\t     alt=\"Can Biotextiles Solve the Environmental Challenges of the Textile Industry?\">\n\t\t\t\t\t\t\t<\/figure>\n\t\t\t\t\t\t<\/div>\n\n\t\t\t\t\t\n\t\t\t\t<\/div>\n\n\t\t\t\t\n\t\t\t\t<div class=\"kc-list-item-2\">\n\n\t\t\t\t\t\t\t\t\t\t\t\t\t\t\t\t\t\t<div class=\"post-item-left\">\n\t\t\t\t\t\t\t\t<figure>\n\t\t\t\t\t\t\t\t\t<img decoding=\"async\" src=\"https:\/\/atlas-scc.com\/wp-content\/uploads\/\/bermix-studio-SJwYvNVW1qY-unsplash-1-1024x683.jpg\"\n\t\t\t\t\t\t\t\t\t     alt=\"EU\u2019S Right to Repair Directive\">\n\t\t\t\t\t\t\t\t<\/figure>\n\t\t\t\t\t\t\t<\/div>\n\t\t\t\t\t\t\t\t\t\t\t\t<div class=\"post-item-right\">\n\t\t\t\t\t\t\t<div class=\"post_details\">\n\t\t\t\t\t\t\t\t<h2 class=\"post-title-alt\"><a\n\t\t\t\t\t\t\t\t\t\thref=\"https:\/\/atlas-scc.com\/en\/eus-right-to-repair-directive\/\"\n\t\t\t\t\t\t\t\t\t\ttitle=\"EU\u2019S Right to Repair Directive\">EU\u2019S Right to Repair Directive<\/a>\n\t\t\t\t\t\t\t\t<\/h2>\n\n\t\t\t\t\t\t\t\t\t\t\t\t\t\t\t<\/div>\n\t\t\t\t\t\t\t\t\t\t\t\t\t\t\t<p>EU\u2019S Right to Repair Directive Nilg\u00fcn Aytekin \/\/ 27.05.2024 The European Parliament recently approved the \"Right to Repair\" directive, which strengthens consumers' rights to repair their products. The new law includes regulations that encourage consumers to access repair options in order to extend the lifespan of their products. Under these&hellip;<\/p>\n\t\t\t\t\t\t\t\t\t\t\t\t\t\t<a href=\"https:\/\/atlas-scc.com\/en\/eus-right-to-repair-directive\/\"\n\t\t\t\t\t\t\t   class=\"kc-post-2-button\">Read More <i\n\t\t\t\t\t\t\t\t\tclass=\"fa fa-angle-right\" aria-hidden=\"true\"><\/i><\/a>\n\t\t\t\t\t\t\t\t\t\t\t\t\t<\/div>\n\n\t\t\t\t\t\n\t\t\t\t<\/div>\n\n\t\t\t\t\n\t\t\t\t<div class=\"kc-list-item-2\">\n\n\t\t\t\t\t\n\t\t\t\t\t\t<div class=\"post-item-left\">\n\t\t\t\t\t\t\t<div class=\"post_details\">\n\t\t\t\t\t\t\t\t<h2 class=\"post-title-alt\"><a\n\t\t\t\t\t\t\t\t\t\thref=\"https:\/\/atlas-scc.com\/en\/a-positive-interview-with-psychologist-msc-banu-sungun\/\"\n\t\t\t\t\t\t\t\t\t\ttitle=\"A Positive Interview with Psychologist, MSc Banu Sungun\">A Positive Interview with Psychologist, MSc Banu Sungun<\/a>\n\t\t\t\t\t\t\t\t<\/h2>\n\t\t\t\t\t\t\t\t\t\t\t\t\t\t\t<\/div>\n\t\t\t\t\t\t\t\t\t\t\t\t\t\t\t<p>A Positive Interview with Psychologist, MSc Banu Sungun Nilg\u00fcn Aytekin \/\/ 20.05.2024 In today's world, sustainability and positive psychology are becoming ever more crucial. Both disciplines seek to improve the well-being of individuals and the environment, foster long-term positive effects, and uphold societal values. To explore how positive psychology can&hellip;<\/p>\n\t\t\t\t\t\t\t\t\t\t\t\t\t\t<a href=\"https:\/\/atlas-scc.com\/en\/a-positive-interview-with-psychologist-msc-banu-sungun\/\"\n\t\t\t\t\t\t\t   class=\"kc-post-2-button\">Read More <i\n\t\t\t\t\t\t\t\t\tclass=\"fa fa-angle-right\" aria-hidden=\"true\"><\/i><\/a>\n\t\t\t\t\t\t\t\t\t\t\t\t\t<\/div>\n\t\t\t\t\t\t<div class=\"post-item-right\">\n\t\t\t\t\t\t\t<figure>\n\t\t\t\t\t\t\t\t<img decoding=\"async\" src=\"https:\/\/atlas-scc.com\/wp-content\/uploads\/\/DSC072211-2-1024x683.jpg\"\n\t\t\t\t\t\t\t\t     alt=\"A Positive Interview with Psychologist, MSc Banu Sungun\">\n\t\t\t\t\t\t\t<\/figure>\n\t\t\t\t\t\t<\/div>\n\n\t\t\t\t\t\n\t\t\t\t<\/div>\n\n\t\t\t\t\n\t\t\t\t<div class=\"kc-list-item-2\">\n\n\t\t\t\t\t\t\t\t\t\t\t\t\t\t\t\t\t\t<div class=\"post-item-left\">\n\t\t\t\t\t\t\t\t<figure>\n\t\t\t\t\t\t\t\t\t<img decoding=\"async\" src=\"http:\/\/atlas-scc.com\/wp-content\/uploads\/\/kristen-plastique-sC2XIzZf1L8-unsplash-1-1024x683.jpg\"\n\t\t\t\t\t\t\t\t\t     alt=\"The Global Organic Textile Standard 7.0\">\n\t\t\t\t\t\t\t\t<\/figure>\n\t\t\t\t\t\t\t<\/div>\n\t\t\t\t\t\t\t\t\t\t\t\t<div class=\"post-item-right\">\n\t\t\t\t\t\t\t<div class=\"post_details\">\n\t\t\t\t\t\t\t\t<h2 class=\"post-title-alt\"><a\n\t\t\t\t\t\t\t\t\t\thref=\"https:\/\/atlas-scc.com\/en\/the-global-organic-textile-standard-7-0\/\"\n\t\t\t\t\t\t\t\t\t\ttitle=\"The Global Organic Textile Standard 7.0\">The Global Organic Textile Standard 7.0<\/a>\n\t\t\t\t\t\t\t\t<\/h2>\n\n\t\t\t\t\t\t\t\t\t\t\t\t\t\t\t<\/div>\n\t\t\t\t\t\t\t\t\t\t\t\t\t\t\t<p>The Global Organic Textile Standard 7.0 Elif \u00d6zt\u00fcrk \/\/ 30.04.2024 The Global Organic Textile Standard (GOTS) is a globally recognized standard for certifying organic textile products. GOTS 7.0 is the latest update in the domain of organic and sustainable textile production and includes significant changes. This article discusses the key&hellip;<\/p>\n\t\t\t\t\t\t\t\t\t\t\t\t\t\t<a href=\"https:\/\/atlas-scc.com\/en\/the-global-organic-textile-standard-7-0\/\"\n\t\t\t\t\t\t\t   class=\"kc-post-2-button\">Read More <i\n\t\t\t\t\t\t\t\t\tclass=\"fa fa-angle-right\" aria-hidden=\"true\"><\/i><\/a>\n\t\t\t\t\t\t\t\t\t\t\t\t\t<\/div>\n\n\t\t\t\t\t\n\t\t\t\t<\/div>\n\n\t\t\t\t\n\t\t\t\t<div class=\"kc-list-item-2\">\n\n\t\t\t\t\t\n\t\t\t\t\t\t<div class=\"post-item-left\">\n\t\t\t\t\t\t\t<div class=\"post_details\">\n\t\t\t\t\t\t\t\t<h2 class=\"post-title-alt\"><a\n\t\t\t\t\t\t\t\t\t\thref=\"https:\/\/atlas-scc.com\/en\/an-overview-of-carbon-border-adjustment-mechanism\/\"\n\t\t\t\t\t\t\t\t\t\ttitle=\"An Overview of Carbon Border Adjustment Mechanism\">An Overview of Carbon Border Adjustment Mechanism<\/a>\n\t\t\t\t\t\t\t\t<\/h2>\n\t\t\t\t\t\t\t\t\t\t\t\t\t\t\t<\/div>\n\t\t\t\t\t\t\t\t\t\t\t\t\t\t\t<p>An Overview of Carbon Border Adjustment Mechanism Nilg\u00fcn Aytekin \/\/ 08.04.2024 We are cognizant of the escalating threat posed by climate change on a global scale. The rise in greenhouse gas emissions necessitates effective measures by states to combat environmental issues such as global warming, extreme weather events, and loss&hellip;<\/p>\n\t\t\t\t\t\t\t\t\t\t\t\t\t\t<a href=\"https:\/\/atlas-scc.com\/en\/an-overview-of-carbon-border-adjustment-mechanism\/\"\n\t\t\t\t\t\t\t   class=\"kc-post-2-button\">Read More <i\n\t\t\t\t\t\t\t\t\tclass=\"fa fa-angle-right\" aria-hidden=\"true\"><\/i><\/a>\n\t\t\t\t\t\t\t\t\t\t\t\t\t<\/div>\n\t\t\t\t\t\t<div class=\"post-item-right\">\n\t\t\t\t\t\t\t<figure>\n\t\t\t\t\t\t\t\t<img decoding=\"async\" src=\"http:\/\/atlas-scc.com\/wp-content\/uploads\/\/share_image_generated-2-1024x576.png\"\n\t\t\t\t\t\t\t\t     alt=\"An Overview of Carbon Border Adjustment Mechanism\">\n\t\t\t\t\t\t\t<\/figure>\n\t\t\t\t\t\t<\/div>\n\n\t\t\t\t\t\n\t\t\t\t<\/div>\n\n\t\t\t\t\n\t\t\t\t<div class=\"kc-list-item-2\">\n\n\t\t\t\t\t\t\t\t\t\t\t\t\t\t\t\t\t\t<div class=\"post-item-left\">\n\t\t\t\t\t\t\t\t<figure>\n\t\t\t\t\t\t\t\t\t<img decoding=\"async\" src=\"http:\/\/atlas-scc.com\/wp-content\/uploads\/matthias-heyde-aBGYL-ue5xo-unsplash-2.jpg\"\n\t\t\t\t\t\t\t\t\t     alt=\"Scope 4 Emissions\">\n\t\t\t\t\t\t\t\t<\/figure>\n\t\t\t\t\t\t\t<\/div>\n\t\t\t\t\t\t\t\t\t\t\t\t<div class=\"post-item-right\">\n\t\t\t\t\t\t\t<div class=\"post_details\">\n\t\t\t\t\t\t\t\t<h2 class=\"post-title-alt\"><a\n\t\t\t\t\t\t\t\t\t\thref=\"https:\/\/atlas-scc.com\/en\/kapsam-4-emisyonlari\/\"\n\t\t\t\t\t\t\t\t\t\ttitle=\"Scope 4 Emissions\">Scope 4 Emissions<\/a>\n\t\t\t\t\t\t\t\t<\/h2>\n\n\t\t\t\t\t\t\t\t\t\t\t\t\t\t\t<\/div>\n\t\t\t\t\t\t\t\t\t\t\t\t\t\t\t<p>Scope 4 Emissions Kaan Vatansever \/\/ 16.04.2024 Scope 4 emissions, also known as 'Avoided Emissions', are a new concept in the industry. In the evolving landscape of corporate sustainability, the concept of 'avoided emissions' or Scope 4 emissions is gaining importance alongside the traditional greenhouse gas emission categories defined by&hellip;<\/p>\n\t\t\t\t\t\t\t\t\t\t\t\t\t\t<a href=\"https:\/\/atlas-scc.com\/en\/kapsam-4-emisyonlari\/\"\n\t\t\t\t\t\t\t   class=\"kc-post-2-button\">Read More <i\n\t\t\t\t\t\t\t\t\tclass=\"fa fa-angle-right\" aria-hidden=\"true\"><\/i><\/a>\n\t\t\t\t\t\t\t\t\t\t\t\t\t<\/div>\n\n\t\t\t\t\t\n\t\t\t\t<\/div>\n\n\t\t\t\t\n\t\t\t\t<div class=\"kc-list-item-2\">\n\n\t\t\t\t\t\n\t\t\t\t\t\t<div class=\"post-item-left\">\n\t\t\t\t\t\t\t<div class=\"post_details\">\n\t\t\t\t\t\t\t\t<h2 class=\"post-title-alt\"><a\n\t\t\t\t\t\t\t\t\t\thref=\"https:\/\/atlas-scc.com\/en\/surdurulebilirlik-projelerdeki-kilit-rolu-ve-etkileri\/\"\n\t\t\t\t\t\t\t\t\t\ttitle=\"The Key Role and Effects of Sustainability in Projects\">The Key Role and Effects of Sustainability in Projects<\/a>\n\t\t\t\t\t\t\t\t<\/h2>\n\t\t\t\t\t\t\t\t\t\t\t\t\t\t\t<\/div>\n\t\t\t\t\t\t\t\t\t\t\t\t\t\t\t<p>Elif \u00d6zt\u00fcrk \/\/ 01.04.2024 The Key Role and Effects of Sustainability in Projects In today's rapidly changing world, sustainability is no longer just a buzzword; it has become a fundamental principle in decision-making processes. At the heart of this movement is the integration of sustainability into project management practices. &nbsp;In&hellip;<\/p>\n\t\t\t\t\t\t\t\t\t\t\t\t\t\t<a href=\"https:\/\/atlas-scc.com\/en\/surdurulebilirlik-projelerdeki-kilit-rolu-ve-etkileri\/\"\n\t\t\t\t\t\t\t   class=\"kc-post-2-button\">Read More <i\n\t\t\t\t\t\t\t\t\tclass=\"fa fa-angle-right\" aria-hidden=\"true\"><\/i><\/a>\n\t\t\t\t\t\t\t\t\t\t\t\t\t<\/div>\n\t\t\t\t\t\t<div class=\"post-item-right\">\n\t\t\t\t\t\t\t<figure>\n\t\t\t\t\t\t\t\t<img decoding=\"async\" src=\"http:\/\/atlas-scc.com\/wp-content\/uploads\/\/alex-lion-qOvxHjOrx4k-unsplash-1024x742.jpg\"\n\t\t\t\t\t\t\t\t     alt=\"The Key Role and Effects of Sustainability in Projects\">\n\t\t\t\t\t\t\t<\/figure>\n\t\t\t\t\t\t<\/div>\n\n\t\t\t\t\t\n\t\t\t\t<\/div>\n\n\t\t\t\t\n\t\t\t\t<div class=\"kc-list-item-2\">\n\n\t\t\t\t\t\t\t\t\t\t\t\t\t\t\t\t\t\t<div class=\"post-item-left\">\n\t\t\t\t\t\t\t\t<figure>\n\t\t\t\t\t\t\t\t\t<img decoding=\"async\" src=\"http:\/\/atlas-scc.com\/wp-content\/uploads\/\/tim-mossholder-Kx060cRsmt0-unsplash-5-1024x683.jpg\"\n\t\t\t\t\t\t\t\t\t     alt=\"The European Union has unveiled the final version of the Corporate Sustainability Due Diligence Law.\">\n\t\t\t\t\t\t\t\t<\/figure>\n\t\t\t\t\t\t\t<\/div>\n\t\t\t\t\t\t\t\t\t\t\t\t<div class=\"post-item-right\">\n\t\t\t\t\t\t\t<div class=\"post_details\">\n\t\t\t\t\t\t\t\t<h2 class=\"post-title-alt\"><a\n\t\t\t\t\t\t\t\t\t\thref=\"https:\/\/atlas-scc.com\/en\/the-european-union-has-unveiled-the-final-version-of-the-corporate-sustainability-due-diligence-law\/\"\n\t\t\t\t\t\t\t\t\t\ttitle=\"The European Union has unveiled the final version of the Corporate Sustainability Due Diligence Law.\">The European Union has unveiled the final version of the Corporate Sustainability Due Diligence Law.<\/a>\n\t\t\t\t\t\t\t\t<\/h2>\n\n\t\t\t\t\t\t\t\t\t\t\t\t\t\t\t<\/div>\n\t\t\t\t\t\t\t\t\t\t\t\t\t\t\t<p>The European Union has unveiled the final version of the Corporate Sustainability Due Diligence Law. Nilg\u00fcn Aytekin, Korhan T\u0131naztepe \/\/ 19.03.2024 European Union (EU) approved the Corporate Sustainability Due Diligence Directive (CSDDD) on March 15, 2024, after some disagreements (led by Germany, France and Italy) between member states have been&hellip;<\/p>\n\t\t\t\t\t\t\t\t\t\t\t\t\t\t<a href=\"https:\/\/atlas-scc.com\/en\/the-european-union-has-unveiled-the-final-version-of-the-corporate-sustainability-due-diligence-law\/\"\n\t\t\t\t\t\t\t   class=\"kc-post-2-button\">Read More <i\n\t\t\t\t\t\t\t\t\tclass=\"fa fa-angle-right\" aria-hidden=\"true\"><\/i><\/a>\n\t\t\t\t\t\t\t\t\t\t\t\t\t<\/div>\n\n\t\t\t\t\t\n\t\t\t\t<\/div>\n\n\t\t\t\t\n\t\t\t\t<div class=\"kc-list-item-2\">\n\n\t\t\t\t\t\n\t\t\t\t\t\t<div class=\"post-item-left\">\n\t\t\t\t\t\t\t<div class=\"post_details\">\n\t\t\t\t\t\t\t\t<h2 class=\"post-title-alt\"><a\n\t\t\t\t\t\t\t\t\t\thref=\"https:\/\/atlas-scc.com\/en\/calisma-alanlarinda-surdurulebilirlik-farkindaligi\/\"\n\t\t\t\t\t\t\t\t\t\ttitle=\"Fostering a Greener Workplace\">Fostering a Greener Workplace<\/a>\n\t\t\t\t\t\t\t\t<\/h2>\n\t\t\t\t\t\t\t\t\t\t\t\t\t\t\t<\/div>\n\t\t\t\t\t\t\t\t\t\t\t\t\t\t\t<p>Photo by Alesia Kaz on Unsplash Fostering a Greener Workplace Guest Author: Zeynep Thomas \/\/ 26.03.2024 Corporate reputation is a timeless value for the businesses that need to be reached and protected with their actions. The more we read about the climate change and limited resources, the more we consider&hellip;<\/p>\n\t\t\t\t\t\t\t\t\t\t\t\t\t\t<a href=\"https:\/\/atlas-scc.com\/en\/calisma-alanlarinda-surdurulebilirlik-farkindaligi\/\"\n\t\t\t\t\t\t\t   class=\"kc-post-2-button\">Read More <i\n\t\t\t\t\t\t\t\t\tclass=\"fa fa-angle-right\" aria-hidden=\"true\"><\/i><\/a>\n\t\t\t\t\t\t\t\t\t\t\t\t\t<\/div>\n\t\t\t\t\t\t<div class=\"post-item-right\">\n\t\t\t\t\t\t\t<figure>\n\t\t\t\t\t\t\t\t<img decoding=\"async\" src=\"http:\/\/atlas-scc.com\/wp-content\/uploads\/\/alesia-kaz-VWcPlbHglYc-unsplash-1024x683.jpg\"\n\t\t\t\t\t\t\t\t     alt=\"Fostering a Greener Workplace\">\n\t\t\t\t\t\t\t<\/figure>\n\t\t\t\t\t\t<\/div>\n\n\t\t\t\t\t\n\t\t\t\t<\/div>\n\n\t\t\t\t\n\t\t\t\t<div class=\"kc-list-item-2\">\n\n\t\t\t\t\t\t\t\t\t\t\t\t\t\t\t\t\t\t<div class=\"post-item-left\">\n\t\t\t\t\t\t\t\t<figure>\n\t\t\t\t\t\t\t\t\t<img decoding=\"async\" src=\"http:\/\/atlas-scc.com\/wp-content\/uploads\/tyler-casey-ficbiwfOPSo-unsplash-1024x576.jpg\"\n\t\t\t\t\t\t\t\t\t     alt=\"Emissions Trading System: An Effective Tool to Combat Climate Change\">\n\t\t\t\t\t\t\t\t<\/figure>\n\t\t\t\t\t\t\t<\/div>\n\t\t\t\t\t\t\t\t\t\t\t\t<div class=\"post-item-right\">\n\t\t\t\t\t\t\t<div class=\"post_details\">\n\t\t\t\t\t\t\t\t<h2 class=\"post-title-alt\"><a\n\t\t\t\t\t\t\t\t\t\thref=\"https:\/\/atlas-scc.com\/en\/emissions-trading-system-an-effective-tool-to-combat-climate-change\/\"\n\t\t\t\t\t\t\t\t\t\ttitle=\"Emissions Trading System: An Effective Tool to Combat Climate Change\">Emissions Trading System: An Effective Tool to Combat Climate Change<\/a>\n\t\t\t\t\t\t\t\t<\/h2>\n\n\t\t\t\t\t\t\t\t\t\t\t\t\t\t\t<\/div>\n\t\t\t\t\t\t\t\t\t\t\t\t\t\t\t<p>Emissions Trading System: An Effective Tool to Combat Climate Change Nilg\u00fcn Aytekin \/\/ 04.03.2024 The heightened discussion surrounding carbon pricing today stems from its recognized effectiveness in combatting climate change. Carbon pricing refers to a method of assigning a cost to carbon emissions in a country or region. By imposing&hellip;<\/p>\n\t\t\t\t\t\t\t\t\t\t\t\t\t\t<a href=\"https:\/\/atlas-scc.com\/en\/emissions-trading-system-an-effective-tool-to-combat-climate-change\/\"\n\t\t\t\t\t\t\t   class=\"kc-post-2-button\">Read More <i\n\t\t\t\t\t\t\t\t\tclass=\"fa fa-angle-right\" aria-hidden=\"true\"><\/i><\/a>\n\t\t\t\t\t\t\t\t\t\t\t\t\t<\/div>\n\n\t\t\t\t\t\n\t\t\t\t<\/div>\n\n\t\t\t\t\n\t\t\t\t<div class=\"kc-list-item-2\">\n\n\t\t\t\t\t\n\t\t\t\t\t\t<div class=\"post-item-left\">\n\t\t\t\t\t\t\t<div class=\"post_details\">\n\t\t\t\t\t\t\t\t<h2 class=\"post-title-alt\"><a\n\t\t\t\t\t\t\t\t\t\thref=\"https:\/\/atlas-scc.com\/en\/sustainability-trends-in-2024-and-beyond\/\"\n\t\t\t\t\t\t\t\t\t\ttitle=\"Sustainability Trends in 2024 and Beyond\">Sustainability Trends in 2024 and Beyond<\/a>\n\t\t\t\t\t\t\t\t<\/h2>\n\t\t\t\t\t\t\t\t\t\t\t\t\t\t\t<\/div>\n\t\t\t\t\t\t\t\t\t\t\t\t\t\t\t<p>Sustainability Trends in 2024 and Beyond As the health of our planet fills everyday headlines, individuals and businesses are feeling the pressure to change. In this context, it is a matter of curiosity what the sustainability trends will be in 2024. Let's examine together what trends await us in 2024,&hellip;<\/p>\n\t\t\t\t\t\t\t\t\t\t\t\t\t\t<a href=\"https:\/\/atlas-scc.com\/en\/sustainability-trends-in-2024-and-beyond\/\"\n\t\t\t\t\t\t\t   class=\"kc-post-2-button\">Read More <i\n\t\t\t\t\t\t\t\t\tclass=\"fa fa-angle-right\" aria-hidden=\"true\"><\/i><\/a>\n\t\t\t\t\t\t\t\t\t\t\t\t\t<\/div>\n\t\t\t\t\t\t<div class=\"post-item-right\">\n\t\t\t\t\t\t\t<figure>\n\t\t\t\t\t\t\t\t<img decoding=\"async\" src=\"http:\/\/atlas-scc.com\/wp-content\/uploads\/sustainabilitytrends-1024x576.jpeg\"\n\t\t\t\t\t\t\t\t     alt=\"Sustainability Trends in 2024 and Beyond\">\n\t\t\t\t\t\t\t<\/figure>\n\t\t\t\t\t\t<\/div>\n\n\t\t\t\t\t\n\t\t\t\t<\/div>\n\n\t\t\t\t\n\t\t\t\t<div class=\"kc-list-item-2\">\n\n\t\t\t\t\t\t\t\t\t\t\t\t\t\t\t\t\t\t<div class=\"post-item-left\">\n\t\t\t\t\t\t\t\t<figure>\n\t\t\t\t\t\t\t\t\t<img decoding=\"async\" src=\"http:\/\/atlas-scc.com\/wp-content\/uploads\/trac-vu-9iSkVxdpXhE-unsplash-1024x683.jpg\"\n\t\t\t\t\t\t\t\t\t     alt=\"S\u00fcmerbank: Atat\u00fcrk&#8217;s Visionary Textile Revolution That Shaped Turkey&#8217;s Industry\">\n\t\t\t\t\t\t\t\t<\/figure>\n\t\t\t\t\t\t\t<\/div>\n\t\t\t\t\t\t\t\t\t\t\t\t<div class=\"post-item-right\">\n\t\t\t\t\t\t\t<div class=\"post_details\">\n\t\t\t\t\t\t\t\t<h2 class=\"post-title-alt\"><a\n\t\t\t\t\t\t\t\t\t\thref=\"https:\/\/atlas-scc.com\/en\/sumerbank-ataturks-visionary-textile-revolution-that-shaped-turkeys-industry\/\"\n\t\t\t\t\t\t\t\t\t\ttitle=\"S\u00fcmerbank: Atat\u00fcrk&#8217;s Visionary Textile Revolution That Shaped Turkey&#8217;s Industry\">S\u00fcmerbank: Atat\u00fcrk&#8217;s Visionary Textile Revolution That Shaped Turkey&#8217;s Industry<\/a>\n\t\t\t\t\t\t\t\t<\/h2>\n\n\t\t\t\t\t\t\t\t\t\t\t\t\t\t\t<\/div>\n\t\t\t\t\t\t\t\t\t\t\t\t\t\t\t<p>S\u00fcmerbank: Atat\u00fcrk's Visionary Textile Revolution That Shaped Turkey's Industry S\u00fcmerbank was founded by Atat\u00fcrk in 1933 as a state bank to fund the construction of textile factories and to support the development of the textile industry in Turkey. It was a part of the First Five-Year Industrial Plan (1934-1938) within&hellip;<\/p>\n\t\t\t\t\t\t\t\t\t\t\t\t\t\t<a href=\"https:\/\/atlas-scc.com\/en\/sumerbank-ataturks-visionary-textile-revolution-that-shaped-turkeys-industry\/\"\n\t\t\t\t\t\t\t   class=\"kc-post-2-button\">Read More <i\n\t\t\t\t\t\t\t\t\tclass=\"fa fa-angle-right\" aria-hidden=\"true\"><\/i><\/a>\n\t\t\t\t\t\t\t\t\t\t\t\t\t<\/div>\n\n\t\t\t\t\t\n\t\t\t\t<\/div>\n\n\t\t\t\t\n\t\t\t\t<div class=\"kc-list-item-2\">\n\n\t\t\t\t\t\n\t\t\t\t\t\t<div class=\"post-item-left\">\n\t\t\t\t\t\t\t<div class=\"post_details\">\n\t\t\t\t\t\t\t\t<h2 class=\"post-title-alt\"><a\n\t\t\t\t\t\t\t\t\t\thref=\"https:\/\/atlas-scc.com\/en\/understanding-social-compliance-decoding-the-significance-of-ethical-practices-in-todays-business-landscape\/\"\n\t\t\t\t\t\t\t\t\t\ttitle=\"Understanding Social Compliance: Decoding the Significance of Ethical Practices in Today\u2019s Business Landscape\">Understanding Social Compliance: Decoding the Significance of Ethical Practices in Today\u2019s Business Landscape<\/a>\n\t\t\t\t\t\t\t\t<\/h2>\n\t\t\t\t\t\t\t\t\t\t\t\t\t\t\t<\/div>\n\t\t\t\t\t\t\t\t\t\t\t\t\t\t\t<p>Understanding Social Compliance: Decoding the Significance of Ethical Practices in Today\u2019s Business Landscape In an era where ethical considerations play a pivotal role in business operations, social compliance has emerged as a critical framework for organizations striving to meet ethical standards. Social compliance goes beyond traditional business practices, focusing on&hellip;<\/p>\n\t\t\t\t\t\t\t\t\t\t\t\t\t\t<a href=\"https:\/\/atlas-scc.com\/en\/understanding-social-compliance-decoding-the-significance-of-ethical-practices-in-todays-business-landscape\/\"\n\t\t\t\t\t\t\t   class=\"kc-post-2-button\">Read More <i\n\t\t\t\t\t\t\t\t\tclass=\"fa fa-angle-right\" aria-hidden=\"true\"><\/i><\/a>\n\t\t\t\t\t\t\t\t\t\t\t\t\t<\/div>\n\t\t\t\t\t\t<div class=\"post-item-right\">\n\t\t\t\t\t\t\t<figure>\n\t\t\t\t\t\t\t\t<img decoding=\"async\" src=\"http:\/\/atlas-scc.com\/wp-content\/uploads\/\/lidya-nada-grQh_x_vZKM-unsplash-1-1024x535.jpg\"\n\t\t\t\t\t\t\t\t     alt=\"Understanding Social Compliance: Decoding the Significance of Ethical Practices in Today\u2019s Business Landscape\">\n\t\t\t\t\t\t\t<\/figure>\n\t\t\t\t\t\t<\/div>\n\n\t\t\t\t\t\n\t\t\t\t<\/div>\n\n\t\t\t\t\n\t\t\t\t<div class=\"kc-list-item-2\">\n\n\t\t\t\t\t\t\t\t\t\t\t\t\t\t\t\t\t\t<div class=\"post-item-left\">\n\t\t\t\t\t\t\t\t<figure>\n\t\t\t\t\t\t\t\t\t<img decoding=\"async\" src=\"http:\/\/atlas-scc.com\/wp-content\/uploads\/kelly-sikkema-_whs7FPfkwQ-unsplash-1024x768.jpg\"\n\t\t\t\t\t\t\t\t\t     alt=\"Act Now for Climate Change!\">\n\t\t\t\t\t\t\t\t<\/figure>\n\t\t\t\t\t\t\t<\/div>\n\t\t\t\t\t\t\t\t\t\t\t\t<div class=\"post-item-right\">\n\t\t\t\t\t\t\t<div class=\"post_details\">\n\t\t\t\t\t\t\t\t<h2 class=\"post-title-alt\"><a\n\t\t\t\t\t\t\t\t\t\thref=\"https:\/\/atlas-scc.com\/en\/act-now-for-climate-change\/\"\n\t\t\t\t\t\t\t\t\t\ttitle=\"Act Now for Climate Change!\">Act Now for Climate Change!<\/a>\n\t\t\t\t\t\t\t\t<\/h2>\n\n\t\t\t\t\t\t\t\t\t\t\t\t\t\t\t<\/div>\n\t\t\t\t\t\t\t\t\t\t\t\t\t\t\t<p>Act Now for Climate Change! After the Industrial Revolution, new production methods and product diversity have embedded different consumption habits in our lives. As diversity increased, we embraced a lifestyle where we feel happy as consumers and needy. As the definition of needs changed, so did the definition of happiness.&hellip;<\/p>\n\t\t\t\t\t\t\t\t\t\t\t\t\t\t<a href=\"https:\/\/atlas-scc.com\/en\/act-now-for-climate-change\/\"\n\t\t\t\t\t\t\t   class=\"kc-post-2-button\">Read More <i\n\t\t\t\t\t\t\t\t\tclass=\"fa fa-angle-right\" aria-hidden=\"true\"><\/i><\/a>\n\t\t\t\t\t\t\t\t\t\t\t\t\t<\/div>\n\n\t\t\t\t\t\n\t\t\t\t<\/div>\n\n\t\t\t\t\n\t\t\t\t<div class=\"kc-list-item-2\">\n\n\t\t\t\t\t\n\t\t\t\t\t\t<div class=\"post-item-left\">\n\t\t\t\t\t\t\t<div class=\"post_details\">\n\t\t\t\t\t\t\t\t<h2 class=\"post-title-alt\"><a\n\t\t\t\t\t\t\t\t\t\thref=\"https:\/\/atlas-scc.com\/en\/why-should-i-care-about-others-poverty\/\"\n\t\t\t\t\t\t\t\t\t\ttitle=\"Why Should I Care About Someone Else&#8217;s Poverty?\">Why Should I Care About Someone Else&#8217;s Poverty?<\/a>\n\t\t\t\t\t\t\t\t<\/h2>\n\t\t\t\t\t\t\t\t\t\t\t\t\t\t\t<\/div>\n\t\t\t\t\t\t\t\t\t\t\t\t\t\t\t<p>Why Should I Care About Someone Else's Poverty? In today's world, over 700 million people struggle to access basic human needs such as health, education, and clean water. Even in the wealthiest countries, 30 million children grow up in poverty. World Bank economist Roy Van der Weide emphasizes in his&hellip;<\/p>\n\t\t\t\t\t\t\t\t\t\t\t\t\t\t<a href=\"https:\/\/atlas-scc.com\/en\/why-should-i-care-about-others-poverty\/\"\n\t\t\t\t\t\t\t   class=\"kc-post-2-button\">Read More <i\n\t\t\t\t\t\t\t\t\tclass=\"fa fa-angle-right\" aria-hidden=\"true\"><\/i><\/a>\n\t\t\t\t\t\t\t\t\t\t\t\t\t<\/div>\n\t\t\t\t\t\t<div class=\"post-item-right\">\n\t\t\t\t\t\t\t<figure>\n\t\t\t\t\t\t\t\t<img decoding=\"async\" src=\"http:\/\/atlas-scc.com\/wp-content\/uploads\/dulana-kodithuwakku-0R-rPOSUyxw-unsplash-1024x636.jpg\"\n\t\t\t\t\t\t\t\t     alt=\"Why Should I Care About Someone Else&#8217;s Poverty?\">\n\t\t\t\t\t\t\t<\/figure>\n\t\t\t\t\t\t<\/div>\n\n\t\t\t\t\t\n\t\t\t\t<\/div>\n\n\t\t\t\t\n\t\t\t\t<div class=\"kc-list-item-2\">\n\n\t\t\t\t\t\t\t\t\t\t\t\t\t\t\t\t\t\t<div class=\"post-item-left\">\n\t\t\t\t\t\t\t\t<figure>\n\t\t\t\t\t\t\t\t\t<img decoding=\"async\" src=\"https:\/\/atlas-scc.com\/wp-content\/uploads\/about-articles-1-543x304xct.jpg\"\n\t\t\t\t\t\t\t\t\t     alt=\"Transparency is inevitable for today\u2019s world.\">\n\t\t\t\t\t\t\t\t<\/figure>\n\t\t\t\t\t\t\t<\/div>\n\t\t\t\t\t\t\t\t\t\t\t\t<div class=\"post-item-right\">\n\t\t\t\t\t\t\t<div class=\"post_details\">\n\t\t\t\t\t\t\t\t<h2 class=\"post-title-alt\"><a\n\t\t\t\t\t\t\t\t\t\thref=\"https:\/\/atlas-scc.com\/en\/transparency-is-inevitable-for-todays-world\/\"\n\t\t\t\t\t\t\t\t\t\ttitle=\"Transparency is inevitable for today\u2019s world.\">Transparency is inevitable for today\u2019s world.<\/a>\n\t\t\t\t\t\t\t\t<\/h2>\n\n\t\t\t\t\t\t\t\t\t\t\t\t\t\t\t<\/div>\n\t\t\t\t\t\t\t\t\t\t\t\t\t\t\t<p>Transparency is inevitable for today\u2019s world. Transparency is extremely critical to the textile industry. Especially, Z generation is very much concerned about where the garments they buy come from. They want to know who made it and under which circumstances it was produced. They pay attention to choose ethically sourced&hellip;<\/p>\n\t\t\t\t\t\t\t\t\t\t\t\t\t\t<a href=\"https:\/\/atlas-scc.com\/en\/transparency-is-inevitable-for-todays-world\/\"\n\t\t\t\t\t\t\t   class=\"kc-post-2-button\">Read More <i\n\t\t\t\t\t\t\t\t\tclass=\"fa fa-angle-right\" aria-hidden=\"true\"><\/i><\/a>\n\t\t\t\t\t\t\t\t\t\t\t\t\t<\/div>\n\n\t\t\t\t\t\n\t\t\t\t<\/div>\n\n\t\t\t\t\n\t\n<\/div>\n<\/div><\/div><\/div><\/div><\/section>\n","protected":false},"excerpt":{"rendered":"","protected":false},"author":1,"featured_media":0,"parent":0,"menu_order":0,"comment_status":"closed","ping_status":"closed","template":"","meta":{"footnotes":""},"_links":{"self":[{"href":"https:\/\/atlas-scc.com\/en\/wp-json\/wp\/v2\/pages\/1185"}],"collection":[{"href":"https:\/\/atlas-scc.com\/en\/wp-json\/wp\/v2\/pages"}],"about":[{"href":"https:\/\/atlas-scc.com\/en\/wp-json\/wp\/v2\/types\/page"}],"author":[{"embeddable":true,"href":"https:\/\/atlas-scc.com\/en\/wp-json\/wp\/v2\/users\/1"}],"replies":[{"embeddable":true,"href":"https:\/\/atlas-scc.com\/en\/wp-json\/wp\/v2\/comments?post=1185"}],"version-history":[{"count":10,"href":"https:\/\/atlas-scc.com\/en\/wp-json\/wp\/v2\/pages\/1185\/revisions"}],"predecessor-version":[{"id":1339,"href":"https:\/\/atlas-scc.com\/en\/wp-json\/wp\/v2\/pages\/1185\/revisions\/1339"}],"wp:attachment":[{"href":"https:\/\/atlas-scc.com\/en\/wp-json\/wp\/v2\/media?parent=1185"}],"curies":[{"name":"wp","href":"https:\/\/api.w.org\/{rel}","templated":true}]}}